{"id":2919,"date":"2026-01-16T10:09:58","date_gmt":"2026-01-16T09:09:58","guid":{"rendered":"https:\/\/zern-verbund.de\/?page_id=2919"},"modified":"2026-01-30T23:46:53","modified_gmt":"2026-01-30T22:46:53","slug":"projekte","status":"publish","type":"page","link":"https:\/\/zern-verbund.de\/en\/projekte\/","title":{"rendered":"PROJECTS"},"content":{"rendered":"<div data-elementor-type=\"wp-page\" data-elementor-id=\"2919\" class=\"elementor elementor-2919\" data-elementor-post-type=\"page\">\n\t\t\t\t<div class=\"elementor-element elementor-element-49847406 e-con-full e-flex e-con e-parent\" data-id=\"49847406\" data-element_type=\"container\" data-e-type=\"container\">\n\t\t<div class=\"elementor-element elementor-element-a27a181 e-con-full e-flex e-con e-child\" data-id=\"a27a181\" data-element_type=\"container\" data-e-type=\"container\" data-settings=\"{&quot;background_background&quot;:&quot;classic&quot;}\">\n\t\t\t\t<div class=\"elementor-element elementor-element-4c0c971a elementor-widget__width-initial elementor-widget-tablet__width-inherit elementor-widget elementor-widget-heading\" data-id=\"4c0c971a\" data-element_type=\"widget\" data-e-type=\"widget\" data-widget_type=\"heading.default\">\n\t\t\t\t<div class=\"elementor-widget-container\">\n\t\t\t\t\t<h1 class=\"elementor-heading-title elementor-size-default\">PROJECTS<\/h1>\t\t\t\t<\/div>\n\t\t\t\t<\/div>\n\t\t\t\t<\/div>\n\t\t<div class=\"elementor-element elementor-element-2b13576c e-con-full e-flex e-con e-child\" data-id=\"2b13576c\" data-element_type=\"container\" data-e-type=\"container\" data-settings=\"{&quot;background_background&quot;:&quot;classic&quot;}\">\n\t\t\t\t<div class=\"elementor-element elementor-element-a95a646 elementor-widget elementor-widget-image\" data-id=\"a95a646\" data-element_type=\"widget\" data-e-type=\"widget\" data-widget_type=\"image.default\">\n\t\t\t\t<div class=\"elementor-widget-container\">\n\t\t\t\t\t\t\t\t\t\t\t\t\t\t\t<img fetchpriority=\"high\" decoding=\"async\" width=\"512\" height=\"512\" src=\"https:\/\/zern-verbund.de\/wp-content\/uploads\/2024\/04\/cropped-ZERN-Logo-final-RGB-nur-Bildmarke_1.png\" class=\"attachment-large size-large wp-image-794\" alt=\"\" srcset=\"https:\/\/zern-verbund.de\/wp-content\/uploads\/2024\/04\/cropped-ZERN-Logo-final-RGB-nur-Bildmarke_1.png 512w, https:\/\/zern-verbund.de\/wp-content\/uploads\/2024\/04\/cropped-ZERN-Logo-final-RGB-nur-Bildmarke_1-300x300.png 300w, https:\/\/zern-verbund.de\/wp-content\/uploads\/2024\/04\/cropped-ZERN-Logo-final-RGB-nur-Bildmarke_1-150x150.png 150w, https:\/\/zern-verbund.de\/wp-content\/uploads\/2024\/04\/cropped-ZERN-Logo-final-RGB-nur-Bildmarke_1-270x270.png 270w, https:\/\/zern-verbund.de\/wp-content\/uploads\/2024\/04\/cropped-ZERN-Logo-final-RGB-nur-Bildmarke_1-192x192.png 192w, https:\/\/zern-verbund.de\/wp-content\/uploads\/2024\/04\/cropped-ZERN-Logo-final-RGB-nur-Bildmarke_1-180x180.png 180w, https:\/\/zern-verbund.de\/wp-content\/uploads\/2024\/04\/cropped-ZERN-Logo-final-RGB-nur-Bildmarke_1-32x32.png 32w\" sizes=\"(max-width: 512px) 100vw, 512px\" \/>\t\t\t\t\t\t\t\t\t\t\t\t\t\t\t<\/div>\n\t\t\t\t<\/div>\n\t\t\t\t<\/div>\n\t\t\t\t<\/div>\n\t\t<div class=\"elementor-element elementor-element-1c4a41cf e-flex e-con-boxed e-con e-parent\" data-id=\"1c4a41cf\" data-element_type=\"container\" data-e-type=\"container\">\n\t\t\t\t\t<div class=\"e-con-inner\">\n\t\t\t\t<div class=\"elementor-element elementor-element-31071ca2 elementor-align-left elementor-widget__width-initial elementor-widget elementor-widget-breadcrumbs\" data-id=\"31071ca2\" data-element_type=\"widget\" data-e-type=\"widget\" data-widget_type=\"breadcrumbs.default\">\n\t\t\t\t<div class=\"elementor-widget-container\">\n\t\t\t\t\t<p id=\"breadcrumbs\"><span><span><a href=\"https:\/\/zern-verbund.de\/en\/\">Home<\/a><\/span><\/span><\/p>\t\t\t\t<\/div>\n\t\t\t\t<\/div>\n\t\t\t\t\t<\/div>\n\t\t\t\t<\/div>\n\t\t<div class=\"elementor-element elementor-element-2d1b97d7 e-flex e-con-boxed e-con e-parent\" data-id=\"2d1b97d7\" data-element_type=\"container\" data-e-type=\"container\">\n\t\t\t\t\t<div class=\"e-con-inner\">\n\t\t<div class=\"elementor-element elementor-element-12d36fef e-con-full e-flex e-con e-child\" data-id=\"12d36fef\" data-element_type=\"container\" data-e-type=\"container\">\n\t\t<div class=\"elementor-element elementor-element-fb2cbb3 e-grid e-con-full e-con e-child\" data-id=\"fb2cbb3\" data-element_type=\"container\" data-e-type=\"container\">\n\t\t\t\t<div class=\"elementor-element elementor-element-0a2f353 elementor-widget elementor-widget-heading\" data-id=\"0a2f353\" data-element_type=\"widget\" data-e-type=\"widget\" data-widget_type=\"heading.default\">\n\t\t\t\t<div class=\"elementor-widget-container\">\n\t\t\t\t\t<h2 class=\"elementor-heading-title elementor-size-default\">Our initial projects <\/h2>\t\t\t\t<\/div>\n\t\t\t\t<\/div>\n\t\t\t\t<div class=\"elementor-element elementor-element-abf8a58 elementor-widget elementor-widget-n-accordion\" data-id=\"abf8a58\" data-element_type=\"widget\" data-e-type=\"widget\" data-settings=\"{&quot;default_state&quot;:&quot;expanded&quot;,&quot;max_items_expended&quot;:&quot;one&quot;,&quot;n_accordion_animation_duration&quot;:{&quot;unit&quot;:&quot;ms&quot;,&quot;size&quot;:400,&quot;sizes&quot;:[]}}\" data-widget_type=\"nested-accordion.default\">\n\t\t\t\t<div class=\"elementor-widget-container\">\n\t\t\t\t\t\t\t<div class=\"e-n-accordion\" aria-label=\"Accordion. Open links with Enter or Space, close with Escape, and navigate with Arrow Keys\">\n\t\t\t\t\t\t<details id=\"e-n-accordion-item-1800\" class=\"e-n-accordion-item\" open>\n\t\t\t\t<summary class=\"e-n-accordion-item-title\" data-accordion-index=\"1\" tabindex=\"0\" aria-expanded=\"true\" aria-controls=\"e-n-accordion-item-1800\" >\n\t\t\t\t\t<span class='e-n-accordion-item-title-header'><div class=\"e-n-accordion-item-title-text\"> Adaptation strategies in Lower Saxony's agriculture sector <\/div><\/span>\n\t\t\t\t\t\t\t<span class='e-n-accordion-item-title-icon'>\n\t\t\t<span class='e-opened' ><svg aria-hidden=\"true\" class=\"e-font-icon-svg e-fas-minus\" viewbox=\"0 0 448 512\" xmlns=\"http:\/\/www.w3.org\/2000\/svg\"><path d=\"M416 208H32c-17.67 0-32 14.33-32 32v32c0 17.67 14.33 32 32 32h384c17.67 0 32-14.33 32-32v-32c0-17.67-14.33-32-32-32z\"><\/path><\/svg><\/span>\n\t\t\t<span class='e-closed'><svg aria-hidden=\"true\" class=\"e-font-icon-svg e-fas-plus\" viewbox=\"0 0 448 512\" xmlns=\"http:\/\/www.w3.org\/2000\/svg\"><path d=\"M416 208H272V64c0-17.67-14.33-32-32-32h-32c-17.67 0-32 14.33-32 32v144H32c-17.67 0-32 14.33-32 32v32c0 17.67 14.33 32 32 32h144v144c0 17.67 14.33 32 32 32h32c17.67 0 32-14.33 32-32V304h144c17.67 0 32-14.33 32-32v-32c0-17.67-14.33-32-32-32z\"><\/path><\/svg><\/span>\n\t\t<\/span>\n\n\t\t\t\t\t\t<\/summary>\n\t\t\t\t<div role=\"region\" aria-labelledby=\"e-n-accordion-item-1800\" class=\"elementor-element elementor-element-e756b0e e-con-full e-flex e-con e-child\" data-id=\"e756b0e\" data-element_type=\"container\" data-e-type=\"container\">\n\t\t\t\t<div class=\"elementor-element elementor-element-77d4a39 elementor-widget elementor-widget-text-editor\" data-id=\"77d4a39\" data-element_type=\"widget\" data-e-type=\"widget\" data-widget_type=\"text-editor.default\">\n\t\t\t\t<div class=\"elementor-widget-container\">\n\t\t\t\t\t\t\t\t\t<p><img decoding=\"async\" class=\"size-medium wp-image-55 alignleft\" src=\"https:\/\/zern-verbund.de\/wp-content\/uploads\/2024\/04\/ZERN-Ackerbau-300x200.jpg\" alt=\"\" width=\"300\" height=\"200\" srcset=\"https:\/\/zern-verbund.de\/wp-content\/uploads\/2024\/04\/ZERN-Ackerbau-300x200.jpg 300w, https:\/\/zern-verbund.de\/wp-content\/uploads\/2024\/04\/ZERN-Ackerbau-1024x683.jpg 1024w, https:\/\/zern-verbund.de\/wp-content\/uploads\/2024\/04\/ZERN-Ackerbau-768x512.jpg 768w, https:\/\/zern-verbund.de\/wp-content\/uploads\/2024\/04\/ZERN-Ackerbau-1536x1025.jpg 1536w, https:\/\/zern-verbund.de\/wp-content\/uploads\/2024\/04\/ZERN-Ackerbau-2048x1366.jpg 2048w\" sizes=\"(max-width: 300px) 100vw, 300px\" \/><\/p><p>Based on long-term fertilization trials conducted on the University of G\u00f6ttingen's experimental farms, <strong>adaptation strategies in crop rotation and fertilization are being investigated and translated into modeling approaches to enable the scaling of the trial results to a higher natural spatial scale.<\/strong> The changes in soil nutrient supply resulting from the restrictions of the fertilizer regulation and the associated changes in the composition of the food produced will also be examined in more detail. <strong>The consequences of climate change<\/strong> and extreme weather events will also be considered on a model basis.<\/p><p>Innovations in the field of <strong>Precision Farming<\/strong>which have only become possible through the increased use of artificial intelligence, autonomous robotics, and machine learning, <strong>will be examined for their potential to mitigate the effects of production restrictions<\/strong> on productivity and in terms of acceptance for products produced using regionally adapted arable farming strategies.<\/p><p><a href=\"https:\/\/zern-verbund.de\/en\/themenbereiche-2\/themenbereich-ackerbau-2\/anpassungsstrategien-des-niedersachsischen-ackerbaus\/\">For more information, please click here.<\/a><\/p>\t\t\t\t\t\t\t\t<\/div>\n\t\t\t\t<\/div>\n\t\t\t\t<\/div>\n\t\t\t\t\t<\/details>\n\t\t\t\t\t\t<details id=\"e-n-accordion-item-1801\" class=\"e-n-accordion-item\" >\n\t\t\t\t<summary class=\"e-n-accordion-item-title\" data-accordion-index=\"2\" tabindex=\"-1\" aria-expanded=\"false\" aria-controls=\"e-n-accordion-item-1801\" >\n\t\t\t\t\t<span class='e-n-accordion-item-title-header'><div class=\"e-n-accordion-item-title-text\"> Development of an extraction and functionalization process for the use of protein from green biomass in human nutrition <\/div><\/span>\n\t\t\t\t\t\t\t<span class='e-n-accordion-item-title-icon'>\n\t\t\t<span class='e-opened' ><svg aria-hidden=\"true\" class=\"e-font-icon-svg e-fas-minus\" viewbox=\"0 0 448 512\" xmlns=\"http:\/\/www.w3.org\/2000\/svg\"><path d=\"M416 208H32c-17.67 0-32 14.33-32 32v32c0 17.67 14.33 32 32 32h384c17.67 0 32-14.33 32-32v-32c0-17.67-14.33-32-32-32z\"><\/path><\/svg><\/span>\n\t\t\t<span class='e-closed'><svg aria-hidden=\"true\" class=\"e-font-icon-svg e-fas-plus\" viewbox=\"0 0 448 512\" xmlns=\"http:\/\/www.w3.org\/2000\/svg\"><path d=\"M416 208H272V64c0-17.67-14.33-32-32-32h-32c-17.67 0-32 14.33-32 32v144H32c-17.67 0-32 14.33-32 32v32c0 17.67 14.33 32 32 32h144v144c0 17.67 14.33 32 32 32h32c17.67 0 32-14.33 32-32V304h144c17.67 0 32-14.33 32-32v-32c0-17.67-14.33-32-32-32z\"><\/path><\/svg><\/span>\n\t\t<\/span>\n\n\t\t\t\t\t\t<\/summary>\n\t\t\t\t<div role=\"region\" aria-labelledby=\"e-n-accordion-item-1801\" class=\"elementor-element elementor-element-1e3222c e-con-full e-flex e-con e-child\" data-id=\"1e3222c\" data-element_type=\"container\" data-e-type=\"container\">\n\t\t\t\t<div class=\"elementor-element elementor-element-d65cce5 elementor-widget elementor-widget-text-editor\" data-id=\"d65cce5\" data-element_type=\"widget\" data-e-type=\"widget\" data-widget_type=\"text-editor.default\">\n\t\t\t\t<div class=\"elementor-widget-container\">\n\t\t\t\t\t\t\t\t\t<p><img decoding=\"async\" class=\"size-medium wp-image-810 alignleft\" src=\"https:\/\/zern-verbund.de\/wp-content\/uploads\/2024\/04\/charlesdeluvio-IlhnN3jikmk-unsplash-200x300.jpg\" alt=\"\" width=\"200\" height=\"300\" srcset=\"https:\/\/zern-verbund.de\/wp-content\/uploads\/2024\/04\/charlesdeluvio-IlhnN3jikmk-unsplash-200x300.jpg 200w, https:\/\/zern-verbund.de\/wp-content\/uploads\/2024\/04\/charlesdeluvio-IlhnN3jikmk-unsplash-683x1024.jpg 683w, https:\/\/zern-verbund.de\/wp-content\/uploads\/2024\/04\/charlesdeluvio-IlhnN3jikmk-unsplash-768x1152.jpg 768w, https:\/\/zern-verbund.de\/wp-content\/uploads\/2024\/04\/charlesdeluvio-IlhnN3jikmk-unsplash-1024x1536.jpg 1024w, https:\/\/zern-verbund.de\/wp-content\/uploads\/2024\/04\/charlesdeluvio-IlhnN3jikmk-unsplash-1365x2048.jpg 1365w, https:\/\/zern-verbund.de\/wp-content\/uploads\/2024\/04\/charlesdeluvio-IlhnN3jikmk-unsplash-scaled.jpg 1707w\" sizes=\"(max-width: 200px) 100vw, 200px\" \/><\/p><p>By 2050, 10 billion people will need to be fed, which will require an additional 250 million tons of protein per year. <strong>This initial project aims to overcome the challenges of extracting protein from grassland plants, especially from ryegrass.<\/strong> It aims to lay the necessary foundations for the sustainable use of grass protein in human nutrition and for use in the food industry to provide structure. <strong>The project at the German Institute of Food Technology (DIL) is investigating fundamental scientific questions for a process to extract techno-functional proteins from grassland plants.<\/strong> Four interdisciplinary sub-projects at the DIL are working together to analyze all process steps from the laboratory to the pilot plant level.<\/p><p>Particular attention is being paid to protein yield and quality, economic efficiency, and a positive life cycle assessment. <strong>Food chemists, laboratory assistants, technologists, and technicians are coordinating the experiments and analyses<\/strong>in order to thoroughly investigate and optimize each step from extraction to the use of grass protein in functional foods.<\/p><p><a href=\"https:\/\/zern-verbund.de\/en\/themenbereiche-2\/themenbereich-gruenland\/https-zern-verbund-de-themenbereiche-2-themenbereich-gruenland-ip1\/\">For more information, please click here.<\/a>\u00a0<\/p>\t\t\t\t\t\t\t\t<\/div>\n\t\t\t\t<\/div>\n\t\t\t\t<\/div>\n\t\t\t\t\t<\/details>\n\t\t\t\t\t\t<details id=\"e-n-accordion-item-1802\" class=\"e-n-accordion-item\" >\n\t\t\t\t<summary class=\"e-n-accordion-item-title\" data-accordion-index=\"3\" tabindex=\"-1\" aria-expanded=\"false\" aria-controls=\"e-n-accordion-item-1802\" >\n\t\t\t\t\t<span class='e-n-accordion-item-title-header'><div class=\"e-n-accordion-item-title-text\"> Future-oriented fattening pig farming <\/div><\/span>\n\t\t\t\t\t\t\t<span class='e-n-accordion-item-title-icon'>\n\t\t\t<span class='e-opened' ><svg aria-hidden=\"true\" class=\"e-font-icon-svg e-fas-minus\" viewbox=\"0 0 448 512\" xmlns=\"http:\/\/www.w3.org\/2000\/svg\"><path d=\"M416 208H32c-17.67 0-32 14.33-32 32v32c0 17.67 14.33 32 32 32h384c17.67 0 32-14.33 32-32v-32c0-17.67-14.33-32-32-32z\"><\/path><\/svg><\/span>\n\t\t\t<span class='e-closed'><svg aria-hidden=\"true\" class=\"e-font-icon-svg e-fas-plus\" viewbox=\"0 0 448 512\" xmlns=\"http:\/\/www.w3.org\/2000\/svg\"><path d=\"M416 208H272V64c0-17.67-14.33-32-32-32h-32c-17.67 0-32 14.33-32 32v144H32c-17.67 0-32 14.33-32 32v32c0 17.67 14.33 32 32 32h144v144c0 17.67 14.33 32 32 32h32c17.67 0 32-14.33 32-32V304h144c17.67 0 32-14.33 32-32v-32c0-17.67-14.33-32-32-32z\"><\/path><\/svg><\/span>\n\t\t<\/span>\n\n\t\t\t\t\t\t<\/summary>\n\t\t\t\t<div role=\"region\" aria-labelledby=\"e-n-accordion-item-1802\" class=\"elementor-element elementor-element-cd45821 e-flex e-con-boxed e-con e-child\" data-id=\"cd45821\" data-element_type=\"container\" data-e-type=\"container\">\n\t\t\t\t\t<div class=\"e-con-inner\">\n\t\t\t\t<div class=\"elementor-element elementor-element-e1ff77e elementor-widget elementor-widget-text-editor\" data-id=\"e1ff77e\" data-element_type=\"widget\" data-e-type=\"widget\" data-widget_type=\"text-editor.default\">\n\t\t\t\t<div class=\"elementor-widget-container\">\n\t\t\t\t\t\t\t\t\t<p class=\"translation-block\">The aim of the ZERN initial project \"Future-orientated fattening pig husbandry\" is the scientific examination of <strong>forward-looking and socially accepted husbandry systems for fattening pigs with bedding and free-range housing<\/strong>. In this project, these housing systems are analysed and evaluated holistically. Issues from the fields of animal welfare and animal health, animal ethics, animal nutrition, meat and product quality, as well as economics are addressed. Particular attention is paid to <strong>conflicts of interest arising<\/strong> in these husbandry systems, especially with regard to animal health, biosecurity, emissions, nutrient efficiency and economic efficiency.<\/p><p><a href=\"https:\/\/zern-verbund.de\/en\/themenbereiche-2\/themenbereich-nutztierhaltung\/zukunftsorientierte-mastschweinehaltung\/\">For more information, please click here.<\/a>\u00a0<\/p>\t\t\t\t\t\t\t\t<\/div>\n\t\t\t\t<\/div>\n\t\t\t\t\t<\/div>\n\t\t\t\t<\/div>\n\t\t\t\t\t<\/details>\n\t\t\t\t\t<\/div>\n\t\t\t\t\t\t<\/div>\n\t\t\t\t<\/div>\n\t\t\t\t<\/div>\n\t\t<div class=\"elementor-element elementor-element-3ea13df e-grid e-con-full e-con e-child\" data-id=\"3ea13df\" data-element_type=\"container\" data-e-type=\"container\">\n\t\t\t\t<div class=\"elementor-element elementor-element-c22f616 elementor-widget elementor-widget-heading\" data-id=\"c22f616\" data-element_type=\"widget\" data-e-type=\"widget\" data-widget_type=\"heading.default\">\n\t\t\t\t<div class=\"elementor-widget-container\">\n\t\t\t\t\t<h2 class=\"elementor-heading-title elementor-size-default\">Our projects from the \u201copen call\u201d<\/h2>\t\t\t\t<\/div>\n\t\t\t\t<\/div>\n\t\t\t\t<div class=\"elementor-element elementor-element-8151dc8 elementor-widget elementor-widget-n-accordion\" data-id=\"8151dc8\" data-element_type=\"widget\" data-e-type=\"widget\" data-settings=\"{&quot;default_state&quot;:&quot;expanded&quot;,&quot;max_items_expended&quot;:&quot;one&quot;,&quot;n_accordion_animation_duration&quot;:{&quot;unit&quot;:&quot;ms&quot;,&quot;size&quot;:400,&quot;sizes&quot;:[]}}\" data-widget_type=\"nested-accordion.default\">\n\t\t\t\t<div class=\"elementor-widget-container\">\n\t\t\t\t\t\t\t<div class=\"e-n-accordion\" aria-label=\"Accordion. Open links with Enter or Space, close with Escape, and navigate with Arrow Keys\">\n\t\t\t\t\t\t<details id=\"e-n-accordion-item-1350\" class=\"e-n-accordion-item\" open>\n\t\t\t\t<summary class=\"e-n-accordion-item-title\" data-accordion-index=\"1\" tabindex=\"0\" aria-expanded=\"true\" aria-controls=\"e-n-accordion-item-1350\" >\n\t\t\t\t\t<span class='e-n-accordion-item-title-header'><div class=\"e-n-accordion-item-title-text\"> Proteins from stinging nettle <\/div><\/span>\n\t\t\t\t\t\t\t<span class='e-n-accordion-item-title-icon'>\n\t\t\t<span class='e-opened' ><svg aria-hidden=\"true\" class=\"e-font-icon-svg e-fas-minus\" viewbox=\"0 0 448 512\" xmlns=\"http:\/\/www.w3.org\/2000\/svg\"><path d=\"M416 208H32c-17.67 0-32 14.33-32 32v32c0 17.67 14.33 32 32 32h384c17.67 0 32-14.33 32-32v-32c0-17.67-14.33-32-32-32z\"><\/path><\/svg><\/span>\n\t\t\t<span class='e-closed'><svg aria-hidden=\"true\" class=\"e-font-icon-svg e-fas-plus\" viewbox=\"0 0 448 512\" xmlns=\"http:\/\/www.w3.org\/2000\/svg\"><path d=\"M416 208H272V64c0-17.67-14.33-32-32-32h-32c-17.67 0-32 14.33-32 32v144H32c-17.67 0-32 14.33-32 32v32c0 17.67 14.33 32 32 32h144v144c0 17.67 14.33 32 32 32h32c17.67 0 32-14.33 32-32V304h144c17.67 0 32-14.33 32-32v-32c0-17.67-14.33-32-32-32z\"><\/path><\/svg><\/span>\n\t\t<\/span>\n\n\t\t\t\t\t\t<\/summary>\n\t\t\t\t<div role=\"region\" aria-labelledby=\"e-n-accordion-item-1350\" class=\"elementor-element elementor-element-0e9f335 e-con-full e-flex e-con e-child\" data-id=\"0e9f335\" data-element_type=\"container\" data-e-type=\"container\">\n\t\t\t\t<div class=\"elementor-element elementor-element-1cfc5fa elementor-widget elementor-widget-text-editor\" data-id=\"1cfc5fa\" data-element_type=\"widget\" data-e-type=\"widget\" data-widget_type=\"text-editor.default\">\n\t\t\t\t<div class=\"elementor-widget-container\">\n\t\t\t\t\t\t\t\t\t<p><img loading=\"lazy\" decoding=\"async\" class=\"size-medium wp-image-2390 alignleft\" src=\"https:\/\/zern-verbund.de\/wp-content\/uploads\/2025\/02\/Brennnesseln-300x203.png\" alt=\"\" width=\"300\" height=\"203\" srcset=\"https:\/\/zern-verbund.de\/wp-content\/uploads\/2025\/02\/Brennnesseln-300x203.png 300w, https:\/\/zern-verbund.de\/wp-content\/uploads\/2025\/02\/Brennnesseln.png 568w\" sizes=\"(max-width: 300px) 100vw, 300px\" \/><\/p><p>Nettles offer enormous potential as a sustainable source of protein, but their industrial use has not yet been sufficiently researched. <strong>nachhaltige Proteinquelle<\/strong>, doch ihre industrielle Nutzung bleibt bislang unzureichend erforscht. Insbesondere die Proteingewinnung stellt eine <strong>technologische Herausforderung<\/strong> dar, da es <strong>keine etablierte Extraktionsverfahren<\/strong> gibt und aufgrund der hohen Gehalte an Polyphenolen und antinutritiven Substanzen.<\/p><p>Protein extraction in particular poses a technological challenge, as there are no established extraction methods and due to the high content of polyphenols and antinutritional substances. <strong>This research project is developing a scalable, sustainable process for extracting protein from nettles.<\/strong>The yield and quality of the nettle protein is to be optimized by integrating modern separation and stabilization technologies, such as pretreatment with pulsed electric fields (PEF) and innovative extraction and separation techniques.<\/p><p class=\"translation-block\">Particular attention is being paid to the <strong>complete utilization of the plant<\/strong>. By-products such as press cake, separation residues, and fibers are integrated into closed-loop systems to ensure maximum resource utilization.<\/p><p class=\"translation-block\">The project builds on previous findings on protein extraction from grass from current research work in the ZERN network, in particular the  <a href=\"https:\/\/zern-verbund.de\/en\/themenbereiche-2\/themenbereich-gruenland\/https-zern-verbund-de-themenbereiche-2-themenbereich-gruenland-ip1\/\" target=\"_self\">initial project on \u201egrassland use and protein extraction from grass\u201c<\/a> which pursues similar goals in the field of protein extraction.<\/p><p><a href=\"https:\/\/zern-verbund.de\/en\/prozess-zur-proteingewinnung-und-vollstaendigen-verwertung-der-brennnessel\/\">For more information, please click here.\u00a0<\/a><\/p>\t\t\t\t\t\t\t\t<\/div>\n\t\t\t\t<\/div>\n\t\t\t\t<\/div>\n\t\t\t\t\t<\/details>\n\t\t\t\t\t\t<details id=\"e-n-accordion-item-1351\" class=\"e-n-accordion-item\" >\n\t\t\t\t<summary class=\"e-n-accordion-item-title\" data-accordion-index=\"2\" tabindex=\"-1\" aria-expanded=\"false\" aria-controls=\"e-n-accordion-item-1351\" >\n\t\t\t\t\t<span class='e-n-accordion-item-title-header'><div class=\"e-n-accordion-item-title-text\"> Value-adding material use of press residues from protein extraction from green biomass (\"Presswert\")  <\/div><\/span>\n\t\t\t\t\t\t\t<span class='e-n-accordion-item-title-icon'>\n\t\t\t<span class='e-opened' ><svg aria-hidden=\"true\" class=\"e-font-icon-svg e-fas-minus\" viewbox=\"0 0 448 512\" xmlns=\"http:\/\/www.w3.org\/2000\/svg\"><path d=\"M416 208H32c-17.67 0-32 14.33-32 32v32c0 17.67 14.33 32 32 32h384c17.67 0 32-14.33 32-32v-32c0-17.67-14.33-32-32-32z\"><\/path><\/svg><\/span>\n\t\t\t<span class='e-closed'><svg aria-hidden=\"true\" class=\"e-font-icon-svg e-fas-plus\" viewbox=\"0 0 448 512\" xmlns=\"http:\/\/www.w3.org\/2000\/svg\"><path d=\"M416 208H272V64c0-17.67-14.33-32-32-32h-32c-17.67 0-32 14.33-32 32v144H32c-17.67 0-32 14.33-32 32v32c0 17.67 14.33 32 32 32h144v144c0 17.67 14.33 32 32 32h32c17.67 0 32-14.33 32-32V304h144c17.67 0 32-14.33 32-32v-32c0-17.67-14.33-32-32-32z\"><\/path><\/svg><\/span>\n\t\t<\/span>\n\n\t\t\t\t\t\t<\/summary>\n\t\t\t\t<div role=\"region\" aria-labelledby=\"e-n-accordion-item-1351\" class=\"elementor-element elementor-element-61ddd41 e-flex e-con-boxed e-con e-child\" data-id=\"61ddd41\" data-element_type=\"container\" data-e-type=\"container\">\n\t\t\t\t\t<div class=\"e-con-inner\">\n\t\t\t\t<div class=\"elementor-element elementor-element-2b2d2c3 elementor-widget elementor-widget-text-editor\" data-id=\"2b2d2c3\" data-element_type=\"widget\" data-e-type=\"widget\" data-widget_type=\"text-editor.default\">\n\t\t\t\t<div class=\"elementor-widget-container\">\n\t\t\t\t\t\t\t\t\t<p class=\"translation-block\"><img loading=\"lazy\" class=\"size-medium wp-image-2476 alignleft\" src=\"https:\/\/zern-verbund.de\/wp-content\/uploads\/2025\/02\/Presswert-300x300.png\" alt=\"\" width=\"300\" height=\"300\"> Permanent grassland is important for soil and water protection and, as a carbon sink, makes an important contribution to climate protection. In the field of grassland use, a <a href=\"https:\/\/zern-verbund.de\/en\/themenbereiche-2\/themenbereich-gruenland\/https-zern-verbund-de-themenbereiche-2-themenbereich-gruenland-ip1\/\" target=\"_self\">project at the German Institute for Food Technology (DIL)<\/a>  is investigating fundamental scientific questions for a process for <strong>extracting techno-functional proteins from grassland plants<\/strong>. In addition to the protein-rich pressed juice, a relatively dry press residue is produced, for which it is necessary to find ways of utilization that add as much value as possible.<\/p><p class=\"translation-block\">This is where the Presswert project comes in. <strong>It complements the DIL project by using the press residues produced there in a high-quality material application for the extraction of fibers for paper production and hydrogels<\/strong>. The project is being carried out in close cooperation between the two Th\u00fcnen Institutes for Agricultural Technology and Wood Research. In addition to the DIL, GeCo GbR and the Klingele paper factory are also involved as associated partners.<\/p><p><a href=\"https:\/\/zern-verbund.de\/en\/elementor-2436\/\">For more information, please click here.\u00a0<\/a><\/p>\t\t\t\t\t\t\t\t<\/div>\n\t\t\t\t<\/div>\n\t\t\t\t\t<\/div>\n\t\t\t\t<\/div>\n\t\t\t\t\t<\/details>\n\t\t\t\t\t\t<details id=\"e-n-accordion-item-1352\" class=\"e-n-accordion-item\" >\n\t\t\t\t<summary class=\"e-n-accordion-item-title\" data-accordion-index=\"3\" tabindex=\"-1\" aria-expanded=\"false\" aria-controls=\"e-n-accordion-item-1352\" >\n\t\t\t\t\t<span class='e-n-accordion-item-title-header'><div class=\"e-n-accordion-item-title-text\"> Information provision strategies for sustainable and climate-friendly production methods: an analysis of lower saxony\u2019s dairy sector  <\/div><\/span>\n\t\t\t\t\t\t\t<span class='e-n-accordion-item-title-icon'>\n\t\t\t<span class='e-opened' ><svg aria-hidden=\"true\" class=\"e-font-icon-svg e-fas-minus\" viewbox=\"0 0 448 512\" xmlns=\"http:\/\/www.w3.org\/2000\/svg\"><path d=\"M416 208H32c-17.67 0-32 14.33-32 32v32c0 17.67 14.33 32 32 32h384c17.67 0 32-14.33 32-32v-32c0-17.67-14.33-32-32-32z\"><\/path><\/svg><\/span>\n\t\t\t<span class='e-closed'><svg aria-hidden=\"true\" class=\"e-font-icon-svg e-fas-plus\" viewbox=\"0 0 448 512\" xmlns=\"http:\/\/www.w3.org\/2000\/svg\"><path d=\"M416 208H272V64c0-17.67-14.33-32-32-32h-32c-17.67 0-32 14.33-32 32v144H32c-17.67 0-32 14.33-32 32v32c0 17.67 14.33 32 32 32h144v144c0 17.67 14.33 32 32 32h32c17.67 0 32-14.33 32-32V304h144c17.67 0 32-14.33 32-32v-32c0-17.67-14.33-32-32-32z\"><\/path><\/svg><\/span>\n\t\t<\/span>\n\n\t\t\t\t\t\t<\/summary>\n\t\t\t\t<div role=\"region\" aria-labelledby=\"e-n-accordion-item-1352\" class=\"elementor-element elementor-element-1e737be e-flex e-con-boxed e-con e-child\" data-id=\"1e737be\" data-element_type=\"container\" data-e-type=\"container\">\n\t\t\t\t\t<div class=\"e-con-inner\">\n\t\t\t\t<div class=\"elementor-element elementor-element-f1e70e6 elementor-widget elementor-widget-text-editor\" data-id=\"f1e70e6\" data-element_type=\"widget\" data-e-type=\"widget\" data-widget_type=\"text-editor.default\">\n\t\t\t\t<div class=\"elementor-widget-container\">\n\t\t\t\t\t\t\t\t\t<p class=\"translation-block\"><img loading=\"lazy\" class=\"size-medium wp-image-2508 alignleft\" src=\"https:\/\/zern-verbund.de\/wp-content\/uploads\/2025\/02\/Kuehe-auf-Weide-300x198.png\" alt=\"\" width=\"300\" height=\"198\">\nIn light of the worsening climate crisis, the dairy sector plays a crucial role in reducing greenhouse gas emissions. However, reducing greenhouse gases is complex in this area. The livestock sector is a major contributor to greenhouse gas emissions and significantly contributes to agriculture's impact on the climate. In Germany, agriculture is responsible for 8% of national greenhouse gas emissions, with 42% attributable to livestock farming (BMEL, 2024). In addition, the agricultural sector causes 75% of national methane emissions, which are mainly produced by the digestive processes of cattle. Lower Saxony, a region with intensive livestock farming, produces 22.4% of Germany's milk (BZL, 2024), highlighting the central role of the dairy sector in the state's emissions profile.<\/p><p class=\"translation-block\">This project focuses on strategies for reducing greenhouse gases in Lower Saxony's dairy sector and aims to provide farmers with information and solutions to support climate-friendly practices in the region.\nSuitable climate protection measures that farmers are both willing and able to implement are analyzed and then communicated to farmers using appropriate information strategies. The goal of the project is to link research findings with concrete, agriculture-related practices that bring economic, ecological, and social benefits. Through systematic evaluation, co-design, and communication of climate protection measures, we want to equip dairy farmers with the knowledge and tools they need to contribute to climate goals while improving the sustainability of their farms.<\/p><p><a href=\"https:\/\/zern-verbund.de\/en\/informationsbereitstellungsstrategien-fuer-nachhaltige-und-klimafreundliche-produktionsmethoden-eine-analyse-des-milchsektors-in-niedersachsen\/\">For more information, please click here.\u00a0<\/a><\/p>\t\t\t\t\t\t\t\t<\/div>\n\t\t\t\t<\/div>\n\t\t\t\t\t<\/div>\n\t\t\t\t<\/div>\n\t\t\t\t\t<\/details>\n\t\t\t\t\t\t<details id=\"e-n-accordion-item-1353\" class=\"e-n-accordion-item\" >\n\t\t\t\t<summary class=\"e-n-accordion-item-title\" data-accordion-index=\"4\" tabindex=\"-1\" aria-expanded=\"false\" aria-controls=\"e-n-accordion-item-1353\" >\n\t\t\t\t\t<span class='e-n-accordion-item-title-header'><div class=\"e-n-accordion-item-title-text\"> Kefir made from raw milk: potential for direct marketing, health, and regional nutrition <\/div><\/span>\n\t\t\t\t\t\t\t<span class='e-n-accordion-item-title-icon'>\n\t\t\t<span class='e-opened' ><svg aria-hidden=\"true\" class=\"e-font-icon-svg e-fas-minus\" viewbox=\"0 0 448 512\" xmlns=\"http:\/\/www.w3.org\/2000\/svg\"><path d=\"M416 208H32c-17.67 0-32 14.33-32 32v32c0 17.67 14.33 32 32 32h384c17.67 0 32-14.33 32-32v-32c0-17.67-14.33-32-32-32z\"><\/path><\/svg><\/span>\n\t\t\t<span class='e-closed'><svg aria-hidden=\"true\" class=\"e-font-icon-svg e-fas-plus\" viewbox=\"0 0 448 512\" xmlns=\"http:\/\/www.w3.org\/2000\/svg\"><path d=\"M416 208H272V64c0-17.67-14.33-32-32-32h-32c-17.67 0-32 14.33-32 32v144H32c-17.67 0-32 14.33-32 32v32c0 17.67 14.33 32 32 32h144v144c0 17.67 14.33 32 32 32h32c17.67 0 32-14.33 32-32V304h144c17.67 0 32-14.33 32-32v-32c0-17.67-14.33-32-32-32z\"><\/path><\/svg><\/span>\n\t\t<\/span>\n\n\t\t\t\t\t\t<\/summary>\n\t\t\t\t<div role=\"region\" aria-labelledby=\"e-n-accordion-item-1353\" class=\"elementor-element elementor-element-e8e6767 e-flex e-con-boxed e-con e-child\" data-id=\"e8e6767\" data-element_type=\"container\" data-e-type=\"container\">\n\t\t\t\t\t<div class=\"e-con-inner\">\n\t\t<div role=\"region\" aria-labelledby=\"e-n-accordion-item-1353\" class=\"elementor-element elementor-element-684c510 e-con-full e-flex e-con e-child\" data-id=\"684c510\" data-element_type=\"container\" data-e-type=\"container\">\n\t\t\t\t<div class=\"elementor-element elementor-element-0b56f4f elementor-widget elementor-widget-text-editor\" data-id=\"0b56f4f\" data-element_type=\"widget\" data-e-type=\"widget\" data-widget_type=\"text-editor.default\">\n\t\t\t\t<div class=\"elementor-widget-container\">\n\t\t\t\t\t\t\t\t\t<p><img loading=\"lazy\" decoding=\"async\" class=\"size-medium wp-image-2974 alignright\" src=\"https:\/\/zern-verbund.de\/wp-content\/uploads\/2026\/01\/Kefir-Collage-300x300.png\" alt=\"\" width=\"300\" height=\"300\" srcset=\"https:\/\/zern-verbund.de\/wp-content\/uploads\/2026\/01\/Kefir-Collage-300x300.png 300w, https:\/\/zern-verbund.de\/wp-content\/uploads\/2026\/01\/Kefir-Collage-1024x1024.png 1024w, https:\/\/zern-verbund.de\/wp-content\/uploads\/2026\/01\/Kefir-Collage-150x150.png 150w, https:\/\/zern-verbund.de\/wp-content\/uploads\/2026\/01\/Kefir-Collage-768x768.png 768w, https:\/\/zern-verbund.de\/wp-content\/uploads\/2026\/01\/Kefir-Collage-1536x1536.png 1536w, https:\/\/zern-verbund.de\/wp-content\/uploads\/2026\/01\/Kefir-Collage-12x12.png 12w, https:\/\/zern-verbund.de\/wp-content\/uploads\/2026\/01\/Kefir-Collage.png 1874w\" sizes=\"(max-width: 300px) 100vw, 300px\" \/><\/p><p>The origin of kefir has not yet been conclusively proven.<br \/>However, it is certain that kefir was already being produced 3,500 years ago in what is now China. In 2024, a team of researchers led by Yichen Liu published their latest findings in the journal Cell: it appears that the bacterial strains still used today originated not only in the North Caucasus, but also in Tibet <a href=\"https:\/\/www.sciencedirect.com\/journal\/cell\/vol\/187\/issue\/21\">Volume 187, Issue 21<\/a>, 17 October 2024, Pages 5891-5900.e8 <a href=\"https:\/\/doi.org\/10.1016\/j.cell.2024.08.008\">https:\/\/doi.org\/10.1016\/j.cell.2024.08.008<\/a>).<\/p><p>Kefir is also known as the \u201cdrink of centenarians.\u201d<\/p><p>A millennia-old drink in a current research project in Lower Saxony?<\/p><p>That's right! At the ZERN network, we are analyzing kefir from a wide variety of perspectives: from product quality and intervention studies to digestion in artificial intestines and the potential for small to medium-sized dairy farms. <br \/>\u201cThe kefir project gives us the exciting task of bringing these different perspectives together to understand the full potential of kefir. A millennia-old product understood in a new way: healthy, nutritious, and regional,\u201d is how Dr. Johanna M\u00f6rlein describes the work ahead.<\/p><p>The contact person for this project is Dr. Johanna M\u00f6rlein (<a href=\"mailto:johanna.moerlein@uni-goettingen.de\">johanna.moerlein@uni-goettingen.de<\/a>)<\/p><p>...further information to follow...<\/p>\t\t\t\t\t\t\t\t<\/div>\n\t\t\t\t<\/div>\n\t\t\t\t<\/div>\n\t\t\t\t\t<\/div>\n\t\t\t\t<\/div>\n\t\t\t\t\t<\/details>\n\t\t\t\t\t\t<details id=\"e-n-accordion-item-1354\" class=\"e-n-accordion-item\" >\n\t\t\t\t<summary class=\"e-n-accordion-item-title\" data-accordion-index=\"5\" tabindex=\"-1\" aria-expanded=\"false\" aria-controls=\"e-n-accordion-item-1354\" >\n\t\t\t\t\t<span class='e-n-accordion-item-title-header'><div class=\"e-n-accordion-item-title-text\"> AI-Opti-Temp - Computer-assisted control of floor temperatures and microclimate zones for optimal space utilization, improved hygiene, and increased animal welfare in an animal-friendly birth-to-finish system <\/div><\/span>\n\t\t\t\t\t\t\t<span class='e-n-accordion-item-title-icon'>\n\t\t\t<span class='e-opened' ><svg aria-hidden=\"true\" class=\"e-font-icon-svg e-fas-minus\" viewbox=\"0 0 448 512\" xmlns=\"http:\/\/www.w3.org\/2000\/svg\"><path d=\"M416 208H32c-17.67 0-32 14.33-32 32v32c0 17.67 14.33 32 32 32h384c17.67 0 32-14.33 32-32v-32c0-17.67-14.33-32-32-32z\"><\/path><\/svg><\/span>\n\t\t\t<span class='e-closed'><svg aria-hidden=\"true\" class=\"e-font-icon-svg e-fas-plus\" viewbox=\"0 0 448 512\" xmlns=\"http:\/\/www.w3.org\/2000\/svg\"><path d=\"M416 208H272V64c0-17.67-14.33-32-32-32h-32c-17.67 0-32 14.33-32 32v144H32c-17.67 0-32 14.33-32 32v32c0 17.67 14.33 32 32 32h144v144c0 17.67 14.33 32 32 32h32c17.67 0 32-14.33 32-32V304h144c17.67 0 32-14.33 32-32v-32c0-17.67-14.33-32-32-32z\"><\/path><\/svg><\/span>\n\t\t<\/span>\n\n\t\t\t\t\t\t<\/summary>\n\t\t\t\t<div role=\"region\" aria-labelledby=\"e-n-accordion-item-1354\" class=\"elementor-element elementor-element-ff314e7 e-flex e-con-boxed e-con e-child\" data-id=\"ff314e7\" data-element_type=\"container\" data-e-type=\"container\">\n\t\t\t\t\t<div class=\"e-con-inner\">\n\t\t<div role=\"region\" aria-labelledby=\"e-n-accordion-item-1354\" class=\"elementor-element elementor-element-e0c1b15 e-con-full e-flex e-con e-child\" data-id=\"e0c1b15\" data-element_type=\"container\" data-e-type=\"container\">\n\t\t\t\t<div class=\"elementor-element elementor-element-9a040cc elementor-widget elementor-widget-text-editor\" data-id=\"9a040cc\" data-element_type=\"widget\" data-e-type=\"widget\" data-widget_type=\"text-editor.default\">\n\t\t\t\t<div class=\"elementor-widget-container\">\n\t\t\t\t\t\t\t\t\t<p><img loading=\"lazy\" decoding=\"async\" class=\"size-medium wp-image-3109 alignright\" src=\"https:\/\/zern-verbund.de\/wp-content\/uploads\/2026\/01\/Schweinestall-KI-Optitemp-300x300.png\" alt=\"\" width=\"300\" height=\"300\" srcset=\"https:\/\/zern-verbund.de\/wp-content\/uploads\/2026\/01\/Schweinestall-KI-Optitemp-300x300.png 300w, https:\/\/zern-verbund.de\/wp-content\/uploads\/2026\/01\/Schweinestall-KI-Optitemp-1024x1024.png 1024w, https:\/\/zern-verbund.de\/wp-content\/uploads\/2026\/01\/Schweinestall-KI-Optitemp-150x150.png 150w, https:\/\/zern-verbund.de\/wp-content\/uploads\/2026\/01\/Schweinestall-KI-Optitemp-768x768.png 768w, https:\/\/zern-verbund.de\/wp-content\/uploads\/2026\/01\/Schweinestall-KI-Optitemp-1536x1536.png 1536w, https:\/\/zern-verbund.de\/wp-content\/uploads\/2026\/01\/Schweinestall-KI-Optitemp-12x12.png 12w, https:\/\/zern-verbund.de\/wp-content\/uploads\/2026\/01\/Schweinestall-KI-Optitemp.png 1563w\" sizes=\"(max-width: 300px) 100vw, 300px\" \/>The contact persons for this project are:<\/p><p>PD Dr. habil. Jochen Schulz (<a href=\"mailto:Jochen.Schulz@tiho-hannover.de\">Jochen.Schulz@tiho-hannover.de<\/a>) and Prof. Dr.-Ing. Markus Richter (<a href=\"mailto:m.richter@ift.uni-hannover.de\">m.richter@ift.uni-hannover.de<\/a>)\u00a0<\/p><p>...further information to follow...<\/p>\t\t\t\t\t\t\t\t<\/div>\n\t\t\t\t<\/div>\n\t\t\t\t<\/div>\n\t\t\t\t\t<\/div>\n\t\t\t\t<\/div>\n\t\t\t\t\t<\/details>\n\t\t\t\t\t<\/div>\n\t\t\t\t\t\t<\/div>\n\t\t\t\t<\/div>\n\t\t\t\t<\/div>\n\t\t<div class=\"elementor-element elementor-element-e64d48e e-grid e-con-full e-con e-child\" data-id=\"e64d48e\" data-element_type=\"container\" data-e-type=\"container\">\n\t\t\t\t<div class=\"elementor-element elementor-element-e89ca94 elementor-widget elementor-widget-heading\" data-id=\"e89ca94\" data-element_type=\"widget\" data-e-type=\"widget\" data-widget_type=\"heading.default\">\n\t\t\t\t<div class=\"elementor-widget-container\">\n\t\t\t\t\t<h2 class=\"elementor-heading-title elementor-size-default\">Our \"Outreach-Projects\"<\/h2>\t\t\t\t<\/div>\n\t\t\t\t<\/div>\n\t\t\t\t<div class=\"elementor-element elementor-element-9c8894c elementor-widget elementor-widget-n-accordion\" data-id=\"9c8894c\" data-element_type=\"widget\" data-e-type=\"widget\" data-settings=\"{&quot;default_state&quot;:&quot;expanded&quot;,&quot;max_items_expended&quot;:&quot;one&quot;,&quot;n_accordion_animation_duration&quot;:{&quot;unit&quot;:&quot;ms&quot;,&quot;size&quot;:400,&quot;sizes&quot;:[]}}\" data-widget_type=\"nested-accordion.default\">\n\t\t\t\t<div class=\"elementor-widget-container\">\n\t\t\t\t\t\t\t<div class=\"e-n-accordion\" aria-label=\"Accordion. Open links with Enter or Space, close with Escape, and navigate with Arrow Keys\">\n\t\t\t\t\t\t<details id=\"e-n-accordion-item-1640\" class=\"e-n-accordion-item\" open>\n\t\t\t\t<summary class=\"e-n-accordion-item-title\" data-accordion-index=\"1\" tabindex=\"0\" aria-expanded=\"true\" aria-controls=\"e-n-accordion-item-1640\" >\n\t\t\t\t\t<span class='e-n-accordion-item-title-header'><div class=\"e-n-accordion-item-title-text\"> Science communication on food trends in the digital space: TikTok strategies based on empirical consumer research <\/div><\/span>\n\t\t\t\t\t\t\t<span class='e-n-accordion-item-title-icon'>\n\t\t\t<span class='e-opened' ><svg aria-hidden=\"true\" class=\"e-font-icon-svg e-fas-minus\" viewbox=\"0 0 448 512\" xmlns=\"http:\/\/www.w3.org\/2000\/svg\"><path d=\"M416 208H32c-17.67 0-32 14.33-32 32v32c0 17.67 14.33 32 32 32h384c17.67 0 32-14.33 32-32v-32c0-17.67-14.33-32-32-32z\"><\/path><\/svg><\/span>\n\t\t\t<span class='e-closed'><svg aria-hidden=\"true\" class=\"e-font-icon-svg e-fas-plus\" viewbox=\"0 0 448 512\" xmlns=\"http:\/\/www.w3.org\/2000\/svg\"><path d=\"M416 208H272V64c0-17.67-14.33-32-32-32h-32c-17.67 0-32 14.33-32 32v144H32c-17.67 0-32 14.33-32 32v32c0 17.67 14.33 32 32 32h144v144c0 17.67 14.33 32 32 32h32c17.67 0 32-14.33 32-32V304h144c17.67 0 32-14.33 32-32v-32c0-17.67-14.33-32-32-32z\"><\/path><\/svg><\/span>\n\t\t<\/span>\n\n\t\t\t\t\t\t<\/summary>\n\t\t\t\t<div role=\"region\" aria-labelledby=\"e-n-accordion-item-1640\" class=\"elementor-element elementor-element-1bc21d7 e-con-full e-flex e-con e-child\" data-id=\"1bc21d7\" data-element_type=\"container\" data-e-type=\"container\">\n\t\t\t\t<div class=\"elementor-element elementor-element-27495cf elementor-widget elementor-widget-text-editor\" data-id=\"27495cf\" data-element_type=\"widget\" data-e-type=\"widget\" data-widget_type=\"text-editor.default\">\n\t\t\t\t<div class=\"elementor-widget-container\">\n\t\t\t\t\t\t\t\t\t<p><img loading=\"lazy\" decoding=\"async\" class=\"size-medium wp-image-3059 alignright\" src=\"https:\/\/zern-verbund.de\/wp-content\/uploads\/2026\/01\/Outreach-TikTok-300x300.png\" alt=\"\" width=\"300\" height=\"300\" srcset=\"https:\/\/zern-verbund.de\/wp-content\/uploads\/2026\/01\/Outreach-TikTok-300x300.png 300w, https:\/\/zern-verbund.de\/wp-content\/uploads\/2026\/01\/Outreach-TikTok-1024x1024.png 1024w, https:\/\/zern-verbund.de\/wp-content\/uploads\/2026\/01\/Outreach-TikTok-150x150.png 150w, https:\/\/zern-verbund.de\/wp-content\/uploads\/2026\/01\/Outreach-TikTok-768x768.png 768w, https:\/\/zern-verbund.de\/wp-content\/uploads\/2026\/01\/Outreach-TikTok-1536x1536.png 1536w, https:\/\/zern-verbund.de\/wp-content\/uploads\/2026\/01\/Outreach-TikTok-12x12.png 12w, https:\/\/zern-verbund.de\/wp-content\/uploads\/2026\/01\/Outreach-TikTok.png 1563w\" sizes=\"(max-width: 300px) 100vw, 300px\" \/><\/p><p>As part of the ZERN network's outreach projects, innovative approaches to <strong>science communication <\/strong><br \/><strong>in the field of nutrition and consumer behavior<\/strong> are to be tested.<\/p><p>The basis for this is formed by three online surveys on current food trends \u2013 non-alcoholic beverages (e.g., non-alcoholic beer, wine, etc.), high-protein products, and dietary supplements. The project is supplemented by an experimental pilot study on the practical use of alternative protein sources in the teaching kitchen (G\u00f6ttingen).<\/p><p>The aim is to <strong>develop and implement target group-oriented communication strategies for the TikTok<\/strong> platform. This should contribute to evidence-based and low-threshold consumer information in the digital space while increasing the visibility of the ZERN network.<\/p><p><strong>Planned measures\u00a0<\/strong><\/p><p><strong>1.)<\/strong> Conducting three online surveys (approx. 1,000 people each, representative of the population in terms of age and gender) <br \/><span style=\"text-decoration: underline;\">Topics<\/span> <br \/>- Consumption and attitude patterns toward non-alcoholic beer <br \/>- Perception and use of high-protein products <br \/>- Knowledge, trust, and motives for use in relation to dietary supplements <br \/><span style=\"text-decoration: underline;\">Objective:<\/span> To generate evidence-based insights into the relevance and perception of these trends among various target groups (especially 18\u201335 year olds).<\/p><p><strong>2.)<\/strong> Pilot study with qualitative data collection: Use of alternative protein sources in the teaching kitchen <br \/><span style=\"text-decoration: underline;\">Objective:<\/span> Practical test of the acceptance and preparability of plant-based or alternative proteins (e.g., legumes, fermentation products) with students. <br \/>- Recording sensory, practical, and communicative aspects <br \/>- Observation of reactions, feedback, spontaneous language (\u201cWhat goes down well?\u201d) <br \/>- Utilization of content as narrative and visual source material for TikTok<\/p><p><strong>3.)<\/strong> Derivation and testing of a TikTok communication strategy <br \/>Based on the survey results, a storytelling and format concept will be developed that presents evidence-based content in a visually and narratively appealing way for TikTok. Reach, engagement, and reception in the target group will be evaluated iteratively.<\/p><p>The contact persons for this project are Dr. Clara Mehlhose (<a href=\"mailto:clara.mehlhose@uni-goettingen.de\">clara.mehlhose@uni-goettingen.de<\/a>) and Dr. Sophie-Dorothe Lieke (<a href=\"mailto:sophiedorothe.lieke@uni-goettingen.de\">sophiedorothe.lieke@uni-goettingen.de<\/a>)\u00a0<\/p>\t\t\t\t\t\t\t\t<\/div>\n\t\t\t\t<\/div>\n\t\t\t\t<\/div>\n\t\t\t\t\t<\/details>\n\t\t\t\t\t\t<details id=\"e-n-accordion-item-1641\" class=\"e-n-accordion-item\" >\n\t\t\t\t<summary class=\"e-n-accordion-item-title\" data-accordion-index=\"2\" tabindex=\"-1\" aria-expanded=\"false\" aria-controls=\"e-n-accordion-item-1641\" >\n\t\t\t\t\t<span class='e-n-accordion-item-title-header'><div class=\"e-n-accordion-item-title-text\"> Hidden Peatential! - This is where bean counters are needed <\/div><\/span>\n\t\t\t\t\t\t\t<span class='e-n-accordion-item-title-icon'>\n\t\t\t<span class='e-opened' ><svg aria-hidden=\"true\" class=\"e-font-icon-svg e-fas-minus\" viewbox=\"0 0 448 512\" xmlns=\"http:\/\/www.w3.org\/2000\/svg\"><path d=\"M416 208H32c-17.67 0-32 14.33-32 32v32c0 17.67 14.33 32 32 32h384c17.67 0 32-14.33 32-32v-32c0-17.67-14.33-32-32-32z\"><\/path><\/svg><\/span>\n\t\t\t<span class='e-closed'><svg aria-hidden=\"true\" class=\"e-font-icon-svg e-fas-plus\" viewbox=\"0 0 448 512\" xmlns=\"http:\/\/www.w3.org\/2000\/svg\"><path d=\"M416 208H272V64c0-17.67-14.33-32-32-32h-32c-17.67 0-32 14.33-32 32v144H32c-17.67 0-32 14.33-32 32v32c0 17.67 14.33 32 32 32h144v144c0 17.67 14.33 32 32 32h32c17.67 0 32-14.33 32-32V304h144c17.67 0 32-14.33 32-32v-32c0-17.67-14.33-32-32-32z\"><\/path><\/svg><\/span>\n\t\t<\/span>\n\n\t\t\t\t\t\t<\/summary>\n\t\t\t\t<div role=\"region\" aria-labelledby=\"e-n-accordion-item-1641\" class=\"elementor-element elementor-element-516957c e-flex e-con-boxed e-con e-child\" data-id=\"516957c\" data-element_type=\"container\" data-e-type=\"container\">\n\t\t\t\t\t<div class=\"e-con-inner\">\n\t\t\t\t<div class=\"elementor-element elementor-element-aec16b8 elementor-widget elementor-widget-text-editor\" data-id=\"aec16b8\" data-element_type=\"widget\" data-e-type=\"widget\" data-widget_type=\"text-editor.default\">\n\t\t\t\t<div class=\"elementor-widget-container\">\n\t\t\t\t\t\t\t\t\t<p><img loading=\"lazy\" decoding=\"async\" class=\"size-medium wp-image-2981 alignleft\" src=\"https:\/\/zern-verbund.de\/wp-content\/uploads\/2026\/01\/Shout-Out-ZERN-300x300.png\" alt=\"\" width=\"300\" height=\"300\" srcset=\"https:\/\/zern-verbund.de\/wp-content\/uploads\/2026\/01\/Shout-Out-ZERN-300x300.png 300w, https:\/\/zern-verbund.de\/wp-content\/uploads\/2026\/01\/Shout-Out-ZERN-1024x1024.png 1024w, https:\/\/zern-verbund.de\/wp-content\/uploads\/2026\/01\/Shout-Out-ZERN-150x150.png 150w, https:\/\/zern-verbund.de\/wp-content\/uploads\/2026\/01\/Shout-Out-ZERN-768x768.png 768w, https:\/\/zern-verbund.de\/wp-content\/uploads\/2026\/01\/Shout-Out-ZERN-1536x1536.png 1536w, https:\/\/zern-verbund.de\/wp-content\/uploads\/2026\/01\/Shout-Out-ZERN-12x12.png 12w, https:\/\/zern-verbund.de\/wp-content\/uploads\/2026\/01\/Shout-Out-ZERN.png 1563w\" sizes=\"(max-width: 300px) 100vw, 300px\" \/>Das Projekt \u201eHidden Peatential! \u2013 Hier sind Erbsenz\u00e4hler gefragt\u201c verfolgt das Ziel, <br \/><strong>wissenschaftlich fundiertes Wissen zu nachhaltiger Ern\u00e4hrung und alternativen Proteinquellen \u2013 insbesondere auf Erbsenbasis \u2013 praxisnah und gesellschaftsnah zu vermitteln<\/strong>. Im Fokus steht das neu\u00a0 zu etablierende <strong>Citizen Lab<\/strong> als Outreach-Format, das gezielt \u00f6ffentliche R\u00e4ume wie Fu\u00dfg\u00e4ngerzonen nutzt, um Wissenschaft unmittelbar in den Alltag der B\u00fcrger*innen zu bringen.<\/p><p>Mit einem interaktiven, niedrigschwelligen Zugang werden Passantinnen eingeladen, sich durch Verkostungen, Mitmach-Experimente und **Gespr\u00e4che mit Wissenschaftlerinnen** mit pflanzlichen Proteinquellen auseinanderzusetzen. Das Citizen Lab 2.0 adressiert Menschen au\u00dferhalb formaler Bildungssettings und m\u00f6chte auf spielerisch-informative Weise zu reflektierten Entscheidungen im Bereich Ern\u00e4hrung und Nachhaltigkeit anregen \u2013 ohne zu bewerten oder zu missionieren.<\/p><p><strong>Planned measures\u00a0<\/strong> <br \/>Im Projektzeitraum sollen zwei Citizen Lab 2.0-Veranstaltungen an stark frequentierten \u00f6ffentlichen Orten in Osnabr\u00fcck und in Quakenbr\u00fcck (z.\u202fB. Innenstadt) durchgef\u00fchrt werden. Ziel ist es, jeweils rund 100 B\u00fcrger*innen direkt und niederschwellig mit wissenschaftlichen Inhalten zur nachhaltigen Ern\u00e4hrung in Kontakt zu bringen. Geplant sind folgende Ma\u00dfnahmen: <br \/>\u2022 <span style=\"text-decoration: underline;\">Verkostungsstationen<\/span>: Vergleich von pflanzlichen und tierischen Produkten zur sensorischen Selbsterfahrung; Teilnehmer*innen bewerten Geschmack, Textur und Akzeptanz unterschiedlicher Proteinquellen. <br \/>\u2022 <span style=\"text-decoration: underline;\">Einfache Mitmach- und Einsch\u00e4tzexperimente zu pflanzlichen Proteinen<\/span>: <br \/>o Schaumbildung mit H\u00fclsenfr\u00fcchten (Aquafaba): Aufschlagen von Kichererbsenwasser veranschaulicht die technofunktionellen Eigenschaften pflanzlicher Proteine im Vergleich zu tierischen Alternativen. <br \/>o Aminos\u00e4uren-Puzzle: Ein Memory- oder Puzzlespiel zeigt spielerisch, wie sich durch <br \/>Kombination verschiedener pflanzlicher Quellen (z.\u202fB. Erbse + Getreide) ein vollst\u00e4ndiges Aminos\u00e4ureprofil erreichen l\u00e4sst. <br \/>\u2022 <span style=\"text-decoration: underline;\">Dialogformate mit Wissenschaftler*innen<\/span>: Niedrigschwellige Gespr\u00e4che zur \u00f6kologischen Bilanz verschiedener Proteinquellen (z.\u202fB. CO\u2082-Fu\u00dfabdruck, Wasserverbrauch, Landnutzung) f\u00f6rdern informierte Reflexion \u00fcber Ern\u00e4hrung und Nachhaltigkeit. <br \/>\u2022 <span style=\"text-decoration: underline;\">Evaluation<\/span>: Kurze Befragungen vor Ort und strukturierte Beobachtungen erfassen Wirkung, Reichweite und Optimierungspotenzial des Formats.<\/p><p>Ansprechpartner*innen f\u00fcr dieses Projekt sind: Prof. Simone Lipinski (<a href=\"mailto:S.Lipinski@dil-ev.de\">S.Lipinski@dil-ev.de<\/a>), Prof. Marco Beeken (<a href=\"mailto:marco.beeken@uni-osnabrueck.de\">marco.beeken@uni-osnabrueck.de<\/a>), Dr. Lars Otte (<a href=\"mailto:lars.otte@uni-osnabrueck.de\">lars.otte@uni-osnabrueck.de<\/a>)\u00a0<\/p>\t\t\t\t\t\t\t\t<\/div>\n\t\t\t\t<\/div>\n\t\t\t\t\t<\/div>\n\t\t\t\t<\/div>\n\t\t\t\t\t<\/details>\n\t\t\t\t\t\t<details id=\"e-n-accordion-item-1642\" class=\"e-n-accordion-item\" >\n\t\t\t\t<summary class=\"e-n-accordion-item-title\" data-accordion-index=\"3\" tabindex=\"-1\" aria-expanded=\"false\" aria-controls=\"e-n-accordion-item-1642\" >\n\t\t\t\t\t<span class='e-n-accordion-item-title-header'><div class=\"e-n-accordion-item-title-text\"> Scientific ZERN Future Talks live from the Teaching Kitchen for sustainable strengthening, increased visibility, and better networking of actors in Lower Saxony's food research, food industry, and other stakeholders <\/div><\/span>\n\t\t\t\t\t\t\t<span class='e-n-accordion-item-title-icon'>\n\t\t\t<span class='e-opened' ><svg aria-hidden=\"true\" class=\"e-font-icon-svg e-fas-minus\" viewbox=\"0 0 448 512\" xmlns=\"http:\/\/www.w3.org\/2000\/svg\"><path d=\"M416 208H32c-17.67 0-32 14.33-32 32v32c0 17.67 14.33 32 32 32h384c17.67 0 32-14.33 32-32v-32c0-17.67-14.33-32-32-32z\"><\/path><\/svg><\/span>\n\t\t\t<span class='e-closed'><svg aria-hidden=\"true\" class=\"e-font-icon-svg e-fas-plus\" viewbox=\"0 0 448 512\" xmlns=\"http:\/\/www.w3.org\/2000\/svg\"><path d=\"M416 208H272V64c0-17.67-14.33-32-32-32h-32c-17.67 0-32 14.33-32 32v144H32c-17.67 0-32 14.33-32 32v32c0 17.67 14.33 32 32 32h144v144c0 17.67 14.33 32 32 32h32c17.67 0 32-14.33 32-32V304h144c17.67 0 32-14.33 32-32v-32c0-17.67-14.33-32-32-32z\"><\/path><\/svg><\/span>\n\t\t<\/span>\n\n\t\t\t\t\t\t<\/summary>\n\t\t\t\t<div role=\"region\" aria-labelledby=\"e-n-accordion-item-1642\" class=\"elementor-element elementor-element-7bb8503 e-flex e-con-boxed e-con e-child\" data-id=\"7bb8503\" data-element_type=\"container\" data-e-type=\"container\">\n\t\t\t\t\t<div class=\"e-con-inner\">\n\t\t\t\t<div class=\"elementor-element elementor-element-128fa27 elementor-widget elementor-widget-text-editor\" data-id=\"128fa27\" data-element_type=\"widget\" data-e-type=\"widget\" data-widget_type=\"text-editor.default\">\n\t\t\t\t<div class=\"elementor-widget-container\">\n\t\t\t\t\t\t\t\t\t<p><img loading=\"lazy\" decoding=\"async\" class=\"size-medium wp-image-2606 alignleft\" src=\"https:\/\/zern-verbund.de\/wp-content\/uploads\/2024\/08\/Screenshot-Teaching-Kitchen-1x1-1-300x288.png\" alt=\"\" width=\"300\" height=\"288\" srcset=\"https:\/\/zern-verbund.de\/wp-content\/uploads\/2024\/08\/Screenshot-Teaching-Kitchen-1x1-1-300x288.png 300w, https:\/\/zern-verbund.de\/wp-content\/uploads\/2024\/08\/Screenshot-Teaching-Kitchen-1x1-1.png 418w\" sizes=\"(max-width: 300px) 100vw, 300px\" \/><\/p><p>Durch ein regelm\u00e4\u00dfiges digitales Kommunikationsformat mit dem Titel \u201eWissenschaftlicher ZERN-Zukunftstalk live aus dem Teaching Kitchen\u201c, das eine Weiterentwicklung des <a href=\"https:\/\/www.youtube.com\/playlist?list=PL8n9r89QQpJf5MgPNUE7O-mRdH3dY8j-B\">\u201eKulinarischen Zukunftstalks\u201c des ZERN-Verbundes<\/a> ist, der an drei Donnerstagen im September 2024 stattgefunden hat, werden die <strong>nieders\u00e4chsische Forschungslandschaft, die Unternehmen aus der Agrar- und Ern\u00e4hrungswirtschaft wie auch weitere Akteur*innen und Institutionen in diesem Feld sichtbar gemacht, vernetzt und einem zunehmend breiten Publikum vorgestellt<\/strong>. Im Mittelpunkt steht dabei der ZERN-Verbund selbst, seine Partner*innen sowie die laufenden Projekte, Aktivit\u00e4ten und Ergebnisse. Auf diese Weise kann gleichzeitig ein Beitrag zu den drei weiteren Unterzielen des ZERN-Verbundes geleistet werden, da sowohl Akteur*innen der landwirtschaftlichen Produktion, der Verarbeitung und Vermarktung wie auch aus dem Bereich der Schnittstelle mit Verbraucher*innen eingebunden werden, um in den Zukunftstalks ihre Perspektiven, ihre Forschung oder ihre L\u00f6sungsans\u00e4tze, z.B. Produkte oder innovative Herstellungsmethoden, vorzustellen. Das Projekt erm\u00f6glicht somit die aktive Vernetzung der Branche und die Sichtbarmachung von Schnittstellen und Kooperationsm\u00f6glichkeiten.<\/p><p>Es zahlt hierdurch erheblich auf den Transfer zwischen Wissenschaft, Wirtschaft und Verbraucher*innen ein und st\u00e4rkt die Zukunftsf\u00e4higkeit der nieders\u00e4chsischen Ern\u00e4hrungswirtschaft, die nach dem Fahrzeugbau der zweitwichtigste Wirtschaftszweig in Niedersachsen ist. <strong>Es sind insgesamt 8 ZERN-Zukunftstalks geplant, die in einem monatlichen Rhythmus stattfinden sollen<\/strong>, z.B. an jedem ersten Donnerstag im Monat, und die live aus dem Teaching Kitchen im Sportpark Jahnstadion in G\u00f6ttingen gesendet werden.<\/p><p>The <strong>Teaching Kitchen wird zu diesem Zweck in ein Fernsehstudio umgebaut<\/strong>, das bestm\u00f6glich f\u00fcr Live-Webinare ausger\u00fcstet ist. Dabei k\u00f6nnen drei verschiedene Kameraperspektiven (K\u00fcchenansicht\/Totale, Kochfeld, Schneidbrett) professionell <br \/>genutzt werden. Das Teaching Kitchen im Sportpark Jahnstadion wird von unserem Kooperationspartner Culinary Medicine Deutschland e.V. betrieben.<\/p><p>In jeder der 8 Einheiten des ZERN-Zukunftstalks wird (mindestens) <strong>ein Gast mit fachlichem Bezug ins Teaching Kitchen eingeladen<\/strong>. Vorab werden Rezepte mit den G\u00e4sten abgestimmt und vorbereitet, die einen inhaltliche \u00dcberlappung mit dem Fachgebiet des Gastes haben. W\u00e4hrend der Veranstaltung werden diese Rezepte live vor der Kamera gemeinsam mit dem Gast zubereitet. W\u00e4hrenddessen findet zwischen Gast und Gastgeber*innen ein kurzweiliges Gespr\u00e4ch statt, in dem zum einen fachlich \u00fcber die professionelle Perspektive des Gastes diskutiert wird und zum anderen ein kulinarischer Talk \u00fcber die Rezepte sowie \u00fcber Tipps und Tricks in der K\u00fcche stattfindet. Die Zuschauer*innen der ZERN-Zukunftstalks haben \u00fcber die Chatfunktion die M\u00f6glichkeit, Fragen zu stellen.<\/p><p>Die Verkn\u00fcpfung von Wissenschaft, Wirtschaft, Verbraucher*innenperspektive und Kulinarik in einer interaktiven \u201eLive-Kochshow\u201c schafft ein attraktives Kommunikationsformat, das f\u00fcr viele Stakeholder, aber auch interessierte Verbraucher*innen interessant ist.\u00a0<\/p><p>Ansprechpartner*innen f\u00fcr dieses Projekt sind: PD Dr. Thomas Ellrott (<a href=\"mailto:thomas.ellrott@med.uni-goettingen.de\">thomas.ellrott@med.uni-goettingen.de<\/a>) und Nicola Rosenau (<a href=\"mailto:nicola.rosenau@med.uni-goettingen.de\">nicola.rosenau@med.uni-goettingen.de<\/a>)<\/p>\t\t\t\t\t\t\t\t<\/div>\n\t\t\t\t<\/div>\n\t\t\t\t\t<\/div>\n\t\t\t\t<\/div>\n\t\t\t\t\t<\/details>\n\t\t\t\t\t<\/div>\n\t\t\t\t\t\t<\/div>\n\t\t\t\t<\/div>\n\t\t\t\t<div class=\"elementor-element elementor-element-45d84ad elementor-widget elementor-widget-heading\" data-id=\"45d84ad\" data-element_type=\"widget\" data-e-type=\"widget\" data-widget_type=\"heading.default\">\n\t\t\t\t<div class=\"elementor-widget-container\">\n\t\t\t\t\t<h2 class=\"elementor-heading-title elementor-size-default\">Our projects from the 1st theme-centered call\n<\/h2>\t\t\t\t<\/div>\n\t\t\t\t<\/div>\n\t\t\t\t<div class=\"elementor-element elementor-element-a5f75de elementor-widget elementor-widget-heading\" data-id=\"a5f75de\" data-element_type=\"widget\" data-e-type=\"widget\" data-widget_type=\"heading.default\">\n\t\t\t\t<div class=\"elementor-widget-container\">\n\t\t\t\t\t<h2 class=\"elementor-heading-title elementor-size-default\">Starting point (arable farming, soil) and end point of the value chain (sustainable diets, society)<\/h2>\t\t\t\t<\/div>\n\t\t\t\t<\/div>\n\t\t\t\t<\/div>\n\t\t<div class=\"elementor-element elementor-element-44d2821 e-grid e-con-full e-con e-child\" data-id=\"44d2821\" data-element_type=\"container\" data-e-type=\"container\">\n\t\t\t\t<div class=\"elementor-element elementor-element-07f6a04 elementor-widget elementor-widget-n-accordion\" data-id=\"07f6a04\" data-element_type=\"widget\" data-e-type=\"widget\" data-settings=\"{&quot;default_state&quot;:&quot;expanded&quot;,&quot;max_items_expended&quot;:&quot;one&quot;,&quot;n_accordion_animation_duration&quot;:{&quot;unit&quot;:&quot;ms&quot;,&quot;size&quot;:400,&quot;sizes&quot;:[]}}\" data-widget_type=\"nested-accordion.default\">\n\t\t\t\t<div class=\"elementor-widget-container\">\n\t\t\t\t\t\t\t<div class=\"e-n-accordion\" aria-label=\"Accordion. Open links with Enter or Space, close with Escape, and navigate with Arrow Keys\">\n\t\t\t\t\t\t<details id=\"e-n-accordion-item-8350\" class=\"e-n-accordion-item\" open>\n\t\t\t\t<summary class=\"e-n-accordion-item-title\" data-accordion-index=\"1\" tabindex=\"0\" aria-expanded=\"true\" aria-controls=\"e-n-accordion-item-8350\" >\n\t\t\t\t\t<span class='e-n-accordion-item-title-header'><div class=\"e-n-accordion-item-title-text\"> Identification of food pathways to promote legume consumption <\/div><\/span>\n\t\t\t\t\t\t\t<span class='e-n-accordion-item-title-icon'>\n\t\t\t<span class='e-opened' ><svg aria-hidden=\"true\" class=\"e-font-icon-svg e-fas-minus\" viewbox=\"0 0 448 512\" xmlns=\"http:\/\/www.w3.org\/2000\/svg\"><path d=\"M416 208H32c-17.67 0-32 14.33-32 32v32c0 17.67 14.33 32 32 32h384c17.67 0 32-14.33 32-32v-32c0-17.67-14.33-32-32-32z\"><\/path><\/svg><\/span>\n\t\t\t<span class='e-closed'><svg aria-hidden=\"true\" class=\"e-font-icon-svg e-fas-plus\" viewbox=\"0 0 448 512\" xmlns=\"http:\/\/www.w3.org\/2000\/svg\"><path d=\"M416 208H272V64c0-17.67-14.33-32-32-32h-32c-17.67 0-32 14.33-32 32v144H32c-17.67 0-32 14.33-32 32v32c0 17.67 14.33 32 32 32h144v144c0 17.67 14.33 32 32 32h32c17.67 0 32-14.33 32-32V304h144c17.67 0 32-14.33 32-32v-32c0-17.67-14.33-32-32-32z\"><\/path><\/svg><\/span>\n\t\t<\/span>\n\n\t\t\t\t\t\t<\/summary>\n\t\t\t\t<div role=\"region\" aria-labelledby=\"e-n-accordion-item-8350\" class=\"elementor-element elementor-element-324e323 e-con-full e-flex e-con e-child\" data-id=\"324e323\" data-element_type=\"container\" data-e-type=\"container\">\n\t\t\t\t<div class=\"elementor-element elementor-element-8248d99 elementor-widget elementor-widget-text-editor\" data-id=\"8248d99\" data-element_type=\"widget\" data-e-type=\"widget\" data-widget_type=\"text-editor.default\">\n\t\t\t\t<div class=\"elementor-widget-container\">\n\t\t\t\t\t\t\t\t\t<p><img loading=\"lazy\" decoding=\"async\" class=\"size-medium wp-image-3030 alignleft\" src=\"https:\/\/zern-verbund.de\/wp-content\/uploads\/2026\/01\/Leguminosen-Huelsenfruechte-300x300.png\" alt=\"\" width=\"300\" height=\"300\" srcset=\"https:\/\/zern-verbund.de\/wp-content\/uploads\/2026\/01\/Leguminosen-Huelsenfruechte-300x300.png 300w, https:\/\/zern-verbund.de\/wp-content\/uploads\/2026\/01\/Leguminosen-Huelsenfruechte-1024x1024.png 1024w, https:\/\/zern-verbund.de\/wp-content\/uploads\/2026\/01\/Leguminosen-Huelsenfruechte-150x150.png 150w, https:\/\/zern-verbund.de\/wp-content\/uploads\/2026\/01\/Leguminosen-Huelsenfruechte-768x768.png 768w, https:\/\/zern-verbund.de\/wp-content\/uploads\/2026\/01\/Leguminosen-Huelsenfruechte-1536x1536.png 1536w, https:\/\/zern-verbund.de\/wp-content\/uploads\/2026\/01\/Leguminosen-Huelsenfruechte-12x12.png 12w, https:\/\/zern-verbund.de\/wp-content\/uploads\/2026\/01\/Leguminosen-Huelsenfruechte.png 1563w\" sizes=\"(max-width: 300px) 100vw, 300px\" \/>National and international agricultural and food policy initiatives aim <strong>to increase the proportion of plant-based protein sources in the diet.<\/strong>. <strong>Legumes are a key component of this<\/strong>Legumes are a key component of this, as they are rich in plant protein and offer health and environmental benefits compared to animal protein. However, there is a <strong>significant discrepancy<\/strong>between actual consumption and the consumption levels recommended by key nutrition organizations. In order to promote this transformation towards a more legume-based diet, the planned research project aims to <strong>identify potential dietary pathways <\/strong><strong>through which consumers can make the transition from a diet based <\/strong><strong>primarily on animal protein to one based more heavily on legumes.<\/strong>.<\/p><p>To achieve this goal, a 36-month project duration with five work packages is planned.<\/p><p>In the <span style=\"text-decoration: underline;\">first work package<\/span> a systematic literature review will be conducted to review the current state of research on consumption patterns and preferences in the area of plant-based protein sources. The aim is to identify key findings and existing research gaps.<\/p><p>The <span style=\"text-decoration: underline;\">second work package<\/span> comprises two empirical online studies, each with n=1000 respondents. The first study will take stock of current legume consumption. At the same time, relevant target groups will be identified.<\/p><p class=\"translation-block\">As part of the <span style=\"text-decoration: underline\">third work package<\/span>, longitudinal scanner data from research partner Edeka will be analyzed to understand purchasing decision-making processes for legumes.\nThe first subproject will examine the extent to which initial purchases develop into repeat purchases and ultimately into habitual consumption. The second subproject will also analyze the role played by sustainability features (e.g., organic labels) and price promotions. The results from work packages 1 to 3 will be brought together in an integrative synthesis (WP4).<\/p><p><strong>The aim is to develop evidence-based recommendations for action and strategies to promote legume consumption<\/strong>.<\/p><p>The <span style=\"text-decoration: underline;\">fifth work package<\/span> covers organizational project coordination and science communication measures for knowledge transfer in practice and science. Due to its mix of methods, including the use of extensive, up-to-date scanner data from Edeka, the project goes beyond the current state of research and promises innovative and practice-relevant results for an important consumer sector.<\/p><p>Contact persons for this project are: Dr. Kristin J\u00fcrkenbeck (<a href=\"mailto:kristin.juerkenbeck@uni-goettingen.de\">kristin.juerkenbeck@uni-goettingen.de<\/a>) and Jun. Prof. Dr. Maureen Schulze (<a href=\"mailto:maureen.schulze@leuphana.de\">maureen.schulze@leuphana.de<\/a>)<\/p><p>...further information to follow...<\/p>\t\t\t\t\t\t\t\t<\/div>\n\t\t\t\t<\/div>\n\t\t\t\t<\/div>\n\t\t\t\t\t<\/details>\n\t\t\t\t\t\t<details id=\"e-n-accordion-item-8351\" class=\"e-n-accordion-item\" >\n\t\t\t\t<summary class=\"e-n-accordion-item-title\" data-accordion-index=\"2\" tabindex=\"-1\" aria-expanded=\"false\" aria-controls=\"e-n-accordion-item-8351\" >\n\t\t\t\t\t<span class='e-n-accordion-item-title-header'><div class=\"e-n-accordion-item-title-text\"> \u201cJoMila\u201d Iodine-rich plant-based milk alternatives \u2013 Healthy added value sustainably produced through biofortification of oats <\/div><\/span>\n\t\t\t\t\t\t\t<span class='e-n-accordion-item-title-icon'>\n\t\t\t<span class='e-opened' ><svg aria-hidden=\"true\" class=\"e-font-icon-svg e-fas-minus\" viewbox=\"0 0 448 512\" xmlns=\"http:\/\/www.w3.org\/2000\/svg\"><path d=\"M416 208H32c-17.67 0-32 14.33-32 32v32c0 17.67 14.33 32 32 32h384c17.67 0 32-14.33 32-32v-32c0-17.67-14.33-32-32-32z\"><\/path><\/svg><\/span>\n\t\t\t<span class='e-closed'><svg aria-hidden=\"true\" class=\"e-font-icon-svg e-fas-plus\" viewbox=\"0 0 448 512\" xmlns=\"http:\/\/www.w3.org\/2000\/svg\"><path d=\"M416 208H272V64c0-17.67-14.33-32-32-32h-32c-17.67 0-32 14.33-32 32v144H32c-17.67 0-32 14.33-32 32v32c0 17.67 14.33 32 32 32h144v144c0 17.67 14.33 32 32 32h32c17.67 0 32-14.33 32-32V304h144c17.67 0 32-14.33 32-32v-32c0-17.67-14.33-32-32-32z\"><\/path><\/svg><\/span>\n\t\t<\/span>\n\n\t\t\t\t\t\t<\/summary>\n\t\t\t\t<div role=\"region\" aria-labelledby=\"e-n-accordion-item-8351\" class=\"elementor-element elementor-element-365d99c e-flex e-con-boxed e-con e-child\" data-id=\"365d99c\" data-element_type=\"container\" data-e-type=\"container\">\n\t\t\t\t\t<div class=\"e-con-inner\">\n\t\t\t\t<div class=\"elementor-element elementor-element-7bc9521 elementor-widget elementor-widget-text-editor\" data-id=\"7bc9521\" data-element_type=\"widget\" data-e-type=\"widget\" data-widget_type=\"text-editor.default\">\n\t\t\t\t<div class=\"elementor-widget-container\">\n\t\t\t\t\t\t\t\t\t<p><img loading=\"lazy\" decoding=\"async\" class=\"size-medium wp-image-3064 alignright\" src=\"https:\/\/zern-verbund.de\/wp-content\/uploads\/2026\/01\/Jod-Hafer-JoMila-300x300.png\" alt=\"\" width=\"300\" height=\"300\" srcset=\"https:\/\/zern-verbund.de\/wp-content\/uploads\/2026\/01\/Jod-Hafer-JoMila-300x300.png 300w, https:\/\/zern-verbund.de\/wp-content\/uploads\/2026\/01\/Jod-Hafer-JoMila-1024x1024.png 1024w, https:\/\/zern-verbund.de\/wp-content\/uploads\/2026\/01\/Jod-Hafer-JoMila-150x150.png 150w, https:\/\/zern-verbund.de\/wp-content\/uploads\/2026\/01\/Jod-Hafer-JoMila-768x768.png 768w, https:\/\/zern-verbund.de\/wp-content\/uploads\/2026\/01\/Jod-Hafer-JoMila-1536x1536.png 1536w, https:\/\/zern-verbund.de\/wp-content\/uploads\/2026\/01\/Jod-Hafer-JoMila-12x12.png 12w, https:\/\/zern-verbund.de\/wp-content\/uploads\/2026\/01\/Jod-Hafer-JoMila.png 1563w\" sizes=\"(max-width: 300px) 100vw, 300px\" \/>Aktuelle Studien weisen auf eine <strong>unzureichende Jodversorgung in weiten Teilen der deutschen Bev\u00f6lkerung<\/strong> hin. Ursachen hierf\u00fcr liegen in der r\u00fcckl\u00e4ufigen Verwendung von jodiertem Speisesalz und in ver\u00e4nderten Ern\u00e4hrungsgewohnheiten wie dem zunehmenden Verzicht auf Lebensmittel tierischer Herkunft. <strong>Bereits ein moderater Jodmangel kann gravierende Auswirkungen auf die Gesundheit haben<\/strong>.<\/p><p>Vor diesem Hintergrund verfolgt dieses Teilprojekt das Ziel, einen neuen Ansatz zur <strong>Verbesserung der aliment\u00e4ren Jodzufuhr<\/strong> zu entwickeln, der die bestehenden Prophylaxema\u00dfnahmen sinnvoll erg\u00e4nzt. Im Fokus stehen dabei <strong>pflanzliche Milchalternativen auf Haferbasis<\/strong>, die durch agronomische Biofortifikation vergleichbar jodreich wie Kuhmilch werden sollen. Das methodische Instrumentarium f\u00fcr diese Verfahrenstechnik soll im Rahmen des dreij\u00e4hrigen Forschungsprojekts in Kooperation mit der Hochschule Osnabr\u00fcck (HSOS), dem Deutschen Institut f\u00fcr Lebensmitteltechnik e. V. (DIL) sowie assoziierten Partnern aus Forschung und Wirtschaft entwickelt werden.<\/p><p>Hierzu ist \u00fcber drei Vegetationsperioden eine <strong>Serie von Feldversuchen im landwirtschaftlichen Versuchsbetrieb<\/strong> der HSOS und auf externen Versuchsfl\u00e4chen geplant, um den Einfluss verschiedener Jodd\u00fcngungsstrategien, von Standort- und Witterungsbedingungen sowie der Sortenwahl auf den Jodgehalt in Hafer zu untersuchen. Ferner soll gepr\u00fcft werden, inwieweit die <strong>Jodbiofortifikation zur Verbesserung der Stickstoffnutzungseffizienz und der Widerstandsf\u00e4higkeit<\/strong> <br \/>von Haferpflanzen gegen\u00fcber biotischem Stress (Befall mit pilzlichen Schaderregern) und abiotischem Stress (Trockenheit) beitragen kann.<\/p><p>Seitens des DIL wird analysiert, wie sich das Metabolom zwischen jodbiofortifizierten und herk\u00f6mmlichen Hafer unterscheidet. Von besonderem Interesse sind Ver\u00e4nderungen im Gehalt wertgebender Inhaltsstoffe wie Beta-Glucanen und Proteinen. Zur Herstellung der haferbasierten Milchalternativen gilt es, die Prozessierung so zu optimieren, dass m\u00f6glichst ein hoher Anteil des biofortifizierten Jods aus dem Korn und ggf. auch aus den Spelzen verwertet wird und bei der Haltbarmachung durch Ultrahocherhitzung erhalten bleibt. Hierzu sind am DIL entsprechende Versuche im Technikumsma\u00dfstab geplant. Im Sinne eines nachhaltigen Gesamtkonzepts sollen zudem f\u00fcr Nebenstr\u00f6me aus der Pflanzenproduktion (jodreiches Haferstroh) und aus der Verarbeitung (Spelzen, Prozessreste) geeignete Verwertungsm\u00f6glichkeiten konzipiert werden.<\/p><p>Ansprechpartner*innen f\u00fcr dieses Projekt sind: Prof. Dr. Diemo Daum (<a href=\"mailto:D.Daum@hs-osnabrueck.de\">D.Daum@hs-osnabrueck.de<\/a>), Dr. Nino Terjung (<a href=\"mailto:n.terjung@dil-tec.de\">n.terjung@dil-tec.de<\/a>) und Franziska Witte (<a href=\"mailto:F.Witte@dil-ev.de\">F.Witte@dil-ev.de<\/a>)<\/p>\t\t\t\t\t\t\t\t<\/div>\n\t\t\t\t<\/div>\n\t\t\t\t\t<\/div>\n\t\t\t\t<\/div>\n\t\t\t\t\t<\/details>\n\t\t\t\t\t\t<details id=\"e-n-accordion-item-8352\" class=\"e-n-accordion-item\" >\n\t\t\t\t<summary class=\"e-n-accordion-item-title\" data-accordion-index=\"3\" tabindex=\"-1\" aria-expanded=\"false\" aria-controls=\"e-n-accordion-item-8352\" >\n\t\t\t\t\t<span class='e-n-accordion-item-title-header'><div class=\"e-n-accordion-item-title-text\"> LeGreNi: Networking food value chains \u2013 via graph neural networks in Lower Saxony <\/div><\/span>\n\t\t\t\t\t\t\t<span class='e-n-accordion-item-title-icon'>\n\t\t\t<span class='e-opened' ><svg aria-hidden=\"true\" class=\"e-font-icon-svg e-fas-minus\" viewbox=\"0 0 448 512\" xmlns=\"http:\/\/www.w3.org\/2000\/svg\"><path d=\"M416 208H32c-17.67 0-32 14.33-32 32v32c0 17.67 14.33 32 32 32h384c17.67 0 32-14.33 32-32v-32c0-17.67-14.33-32-32-32z\"><\/path><\/svg><\/span>\n\t\t\t<span class='e-closed'><svg aria-hidden=\"true\" class=\"e-font-icon-svg e-fas-plus\" viewbox=\"0 0 448 512\" xmlns=\"http:\/\/www.w3.org\/2000\/svg\"><path d=\"M416 208H272V64c0-17.67-14.33-32-32-32h-32c-17.67 0-32 14.33-32 32v144H32c-17.67 0-32 14.33-32 32v32c0 17.67 14.33 32 32 32h144v144c0 17.67 14.33 32 32 32h32c17.67 0 32-14.33 32-32V304h144c17.67 0 32-14.33 32-32v-32c0-17.67-14.33-32-32-32z\"><\/path><\/svg><\/span>\n\t\t<\/span>\n\n\t\t\t\t\t\t<\/summary>\n\t\t\t\t<div role=\"region\" aria-labelledby=\"e-n-accordion-item-8352\" class=\"elementor-element elementor-element-5b82c15 e-flex e-con-boxed e-con e-child\" data-id=\"5b82c15\" data-element_type=\"container\" data-e-type=\"container\">\n\t\t\t\t\t<div class=\"e-con-inner\">\n\t\t\t\t<div class=\"elementor-element elementor-element-ce6ce33 elementor-widget elementor-widget-text-editor\" data-id=\"ce6ce33\" data-element_type=\"widget\" data-e-type=\"widget\" data-widget_type=\"text-editor.default\">\n\t\t\t\t<div class=\"elementor-widget-container\">\n\t\t\t\t\t\t\t\t\t<p><strong><img loading=\"lazy\" decoding=\"async\" class=\"size-medium wp-image-3072 alignright\" src=\"https:\/\/zern-verbund.de\/wp-content\/uploads\/2026\/01\/Vernetzung-LeGreNi-300x300.png\" alt=\"\" width=\"300\" height=\"300\" srcset=\"https:\/\/zern-verbund.de\/wp-content\/uploads\/2026\/01\/Vernetzung-LeGreNi-300x300.png 300w, https:\/\/zern-verbund.de\/wp-content\/uploads\/2026\/01\/Vernetzung-LeGreNi-1024x1024.png 1024w, https:\/\/zern-verbund.de\/wp-content\/uploads\/2026\/01\/Vernetzung-LeGreNi-150x150.png 150w, https:\/\/zern-verbund.de\/wp-content\/uploads\/2026\/01\/Vernetzung-LeGreNi-768x768.png 768w, https:\/\/zern-verbund.de\/wp-content\/uploads\/2026\/01\/Vernetzung-LeGreNi-1536x1536.png 1536w, https:\/\/zern-verbund.de\/wp-content\/uploads\/2026\/01\/Vernetzung-LeGreNi-12x12.png 12w, https:\/\/zern-verbund.de\/wp-content\/uploads\/2026\/01\/Vernetzung-LeGreNi.png 1563w\" sizes=\"(max-width: 300px) 100vw, 300px\" \/>LeGreNi<\/strong> zielt darauf, das Ern\u00e4hrungssystem in Niedersachsen ganzheitlich abzubilden\u00a0 und konkrete Handlungsempfehlungen f\u00fcr eine nachhaltige Transformation im Sinne von &#8222;<strong>One Health<\/strong>&#8220; zu entwickeln. Kern ist die <strong>Entwicklung einer netzwerk- bzw. graph-basierten Datenstruktur<\/strong>, die Akteure, Prozesse und Ressourcenstr\u00f6me von der landwirtschaftlichen Urproduktion bis hin zu Konsumorten wie Gro\u00dfk\u00fcchen oder Tafeln integriert.<\/p><p>Dadurch werden komplexe Abh\u00e4ngigkeiten entlang der Wertsch\u00f6pfungsketten sichtbar und k\u00f6nnen systematisch analysiert werden. Methodisch kommen insbesondere<a href=\"https:\/\/distill.pub\/2021\/gnn-intro\/\"><strong> Graph Neural Networks (GNN)<\/strong> <\/a>zum Einsatz. Diese KI-Methoden erm\u00f6glichen es, Muster in hochkomplexen Netzwerken zu erkennen und Szenariosimulationen durchzuf\u00fchren. Sie liefern im Gegensatz zu klassischen Black-<br \/>Box-Algorithmen nachvollziehbare Ergebnisse \u2013 ein entscheidender Vorteil f\u00fcr den Austausch mit Wissenschaft, Politik und Praxis. Erg\u00e4nzt wird dieser Ansatz durch klassische Modellierungen wie \u00d6kobilanzen und Costbenefit-Szenarien. Der Mehrwert des Projekts liegt darin, Schnittstellenprobleme und Ineffizienzen in der Distribution zu identifizieren. So k\u00f6nnen Ressourcenfl\u00fcsse gezielt verbessert und ein Beitrag zu einem zukunftsf\u00e4higen Ern\u00e4hrungssystem geleistet werden. Behandelt werden exemplarisch folgende gesellschaftlich relevante Leitfragen: <\/p><ul><li>Welche \u00f6kologischen, \u00f6konomischen und logistischen Effekte h\u00e4tte eine Direktbelieferung von Gro\u00dfk\u00fcchen durch lokale Erzeuger?<\/li><li>Welche \u00f6kologischen, (sozio)\u00f6konomischen und logistischen Effekte h\u00e4tte die Ver\u00e4nderung der Warenstr\u00f6me f\u00fcr die Tafel als Teil der Zweitverwertung?<\/li><li>Welche \u00f6kologischen Effekte h\u00e4tte die Ver\u00e4nderung der Konsumanforderungen in der Ern\u00e4hrungsumgebung st\u00e4dtischer Regionen f\u00fcr die Produktion?<\/li><\/ul><p>\u00a0<\/p><p><strong>LeGreNi<\/strong> kombiniert agrarwissenschaftliche, ern\u00e4hrungswissenschaftliche Kompetenzen mit dem Fachwissen der angewandten Informatik und leistet damit einen Beitrag zur ZERN-Agenda: Landwirtschaft in funktionierenden \u00d6kosystemen zu unterst\u00fctzen, regionale Ern\u00e4hrungswirtschaft im globalen Kontext zu denken sowie Ern\u00e4hrungssysteme zukunftsf\u00e4hig aufzustellen.<\/p><p>Erwartete Ergebnisse sind ein <strong>digitales Modell des nieders\u00e4chsischen Ern\u00e4hrungssystem inkl. Szenarioanalysen und Empfehlungen f\u00fcr die Politik- und Praxisgestaltung<\/strong>. Damit liefert LeGreNi sowohl anwendungsorientierte Grundlagenforschung als auch Transfer-Instrumente in Niedersachsen. Dabei wird auf ein breites <strong>Netzwerk an Forschungspartnern<\/strong> zur\u00fcckgegriffen, u.a. auf Praxispartner wie dem Studierendenwerk OS, den G\u00f6ttinger K\u00fcchenbetrieben, den nieders\u00e4chsischen Tafeln inkl. Logistik-Zentren sowie auf Informationen der Lebensmittelaufsicht, Veterin\u00e4rmedizin, der Landwirtschaftskammern und weiterer Stakeholder.<\/p><p>Ansprechpartner*innen f\u00fcr dieses Teilprojekt sind: Prof. Dr. Melanie Speck (<a href=\"mailto:m.speck@hs-osnabrueck.de\">m.speck@hs-osnabrueck.de<\/a>), Prof. Dr. Martin Atzm\u00fcller (<a href=\"mailto:martin.atzmueller@uos.de\">martin.atzmueller@uos.de<\/a>), Prof. Dr. Antje Risius (<a href=\"mailto:a.risius@uni-goettingen.de\">a.risius@uni-goettingen.de<\/a>), Prof. Dr. Stefan Stiene (<a href=\"mailto:s.stiene@hs-osnabrueck.de\">s.stiene@hs-osnabrueck.de<\/a>)<\/p><p>...further information to follow...<\/p>\t\t\t\t\t\t\t\t<\/div>\n\t\t\t\t<\/div>\n\t\t\t\t\t<\/div>\n\t\t\t\t<\/div>\n\t\t\t\t\t<\/details>\n\t\t\t\t\t\t<details id=\"e-n-accordion-item-8353\" class=\"e-n-accordion-item\" >\n\t\t\t\t<summary class=\"e-n-accordion-item-title\" data-accordion-index=\"4\" tabindex=\"-1\" aria-expanded=\"false\" aria-controls=\"e-n-accordion-item-8353\" >\n\t\t\t\t\t<span class='e-n-accordion-item-title-header'><div class=\"e-n-accordion-item-title-text\"> StuDiet: Shaping Students\u2019 Diets for Planetary Health <\/div><\/span>\n\t\t\t\t\t\t\t<span class='e-n-accordion-item-title-icon'>\n\t\t\t<span class='e-opened' ><svg aria-hidden=\"true\" class=\"e-font-icon-svg e-fas-minus\" viewbox=\"0 0 448 512\" xmlns=\"http:\/\/www.w3.org\/2000\/svg\"><path d=\"M416 208H32c-17.67 0-32 14.33-32 32v32c0 17.67 14.33 32 32 32h384c17.67 0 32-14.33 32-32v-32c0-17.67-14.33-32-32-32z\"><\/path><\/svg><\/span>\n\t\t\t<span class='e-closed'><svg aria-hidden=\"true\" class=\"e-font-icon-svg e-fas-plus\" viewbox=\"0 0 448 512\" xmlns=\"http:\/\/www.w3.org\/2000\/svg\"><path d=\"M416 208H272V64c0-17.67-14.33-32-32-32h-32c-17.67 0-32 14.33-32 32v144H32c-17.67 0-32 14.33-32 32v32c0 17.67 14.33 32 32 32h144v144c0 17.67 14.33 32 32 32h32c17.67 0 32-14.33 32-32V304h144c17.67 0 32-14.33 32-32v-32c0-17.67-14.33-32-32-32z\"><\/path><\/svg><\/span>\n\t\t<\/span>\n\n\t\t\t\t\t\t<\/summary>\n\t\t\t\t<div role=\"region\" aria-labelledby=\"e-n-accordion-item-8353\" class=\"elementor-element elementor-element-1ef0794 e-flex e-con-boxed e-con e-child\" data-id=\"1ef0794\" data-element_type=\"container\" data-e-type=\"container\">\n\t\t\t\t\t<div class=\"e-con-inner\">\n\t\t\t\t<div class=\"elementor-element elementor-element-6d9aca5 elementor-widget elementor-widget-text-editor\" data-id=\"6d9aca5\" data-element_type=\"widget\" data-e-type=\"widget\" data-widget_type=\"text-editor.default\">\n\t\t\t\t<div class=\"elementor-widget-container\">\n\t\t\t\t\t\t\t\t\t<p><img loading=\"lazy\" decoding=\"async\" class=\"size-medium wp-image-3077 alignleft\" src=\"https:\/\/zern-verbund.de\/wp-content\/uploads\/2026\/01\/StuDiet-Mensa-300x300.png\" alt=\"\" width=\"300\" height=\"300\" srcset=\"https:\/\/zern-verbund.de\/wp-content\/uploads\/2026\/01\/StuDiet-Mensa-300x300.png 300w, https:\/\/zern-verbund.de\/wp-content\/uploads\/2026\/01\/StuDiet-Mensa-1024x1024.png 1024w, https:\/\/zern-verbund.de\/wp-content\/uploads\/2026\/01\/StuDiet-Mensa-150x150.png 150w, https:\/\/zern-verbund.de\/wp-content\/uploads\/2026\/01\/StuDiet-Mensa-768x768.png 768w, https:\/\/zern-verbund.de\/wp-content\/uploads\/2026\/01\/StuDiet-Mensa-1536x1536.png 1536w, https:\/\/zern-verbund.de\/wp-content\/uploads\/2026\/01\/StuDiet-Mensa-12x12.png 12w, https:\/\/zern-verbund.de\/wp-content\/uploads\/2026\/01\/StuDiet-Mensa.png 1563w\" sizes=\"(max-width: 300px) 100vw, 300px\" \/>Die heutige Ern\u00e4hrung ist gekennzeichnet durch einen <strong>geringen Verzehr von Vollkornprodukten, Obst und Gem\u00fcse, bei gleichzeitig hohem Konsum von stark verarbeiteten Lebensmitteln und Fleisch<\/strong>, was sowohl der \u00f6ffentlichen Gesundheit als auch der Umwelt schadet. Strategien, die auf Willenskraft abzielen, vernachl\u00e4ssigen den starken Einfluss der <strong>Ern\u00e4hrungsumgebung<\/strong>, die f\u00fcr die Umstellung der Ern\u00e4hrung auf die &#8222;<a href=\"https:\/\/www.thelancet.com\/journals\/lancet\/article\/PIIS0140-6736(25)01201-2\/fulltext\">Planetary Health Diet<\/a>&#8220; von entscheidender Bedeutung ist. Die institutionelle Verpflegung, insbesondere in Mensen, erweist sich als wirkungsvoller, struktureller Hebel, da Managemententscheidungen einiger weniger Akteure eine gro\u00dfe Gruppe von Menschen wirksamer beeinflussen k\u00f6nnen als Ver\u00e4nderungen auf Haushaltsebene. <\/p><p>Der \u00dcbergang zur Universit\u00e4t stellt eine wichtige Lebensphase dar. Studierende gewinnen an Autonomie, sind jedoch mit Zeit-, Budget- und Kochbeschr\u00e4nkungen konfrontiert, was oft zu einer schlechteren Ern\u00e4hrungsqualit\u00e4t f\u00fchrt. Universit\u00e4tskantinen\/ Mensen bieten erschwingliche, sozial verankerte Mahlzeiten an und sind damit ein wichtiger Ort, an dem sich fr\u00fche Gewohnheiten bilden. Allerdings <strong>befinden sich die Erkenntnisse dar\u00fcber, wie sich die Ern\u00e4hrung von Studierenden entwickelt und wie institutionelle Umgebungen diese beeinflussen, noch in den Anf\u00e4ngen<\/strong>, auch in Niedersachsen.<\/p><p>Bestehende Forschungsergebnisse sind oft veraltet, querschnittartig und lassen eine Integration von Kaufdaten und Umfragen vermissen. Das Projekt StuDiet schlie\u00dft diese L\u00fccken, indem es L\u00e4ngsschnittdaten zur <strong>Ern\u00e4hrung von Studienanf\u00e4ngern an zwei Universit\u00e4ten<\/strong> erhebt. Es integriert Umfragedaten, Kantinenums\u00e4tze und qualitative Erkenntnisse, um zu verstehen, <strong>wie pers\u00f6nliche und institutionelle Ern\u00e4hrungsumgebungen miteinander interagieren<\/strong>. Das Projekt gliedert sich in vier Arbeitspakete:<\/p><p>(1) Panelbefragungen zur Verfolgung von Ern\u00e4hrungsumstellungen und zur Identifizierung gef\u00e4hrdeter Untergruppen;<\/p><p>(2) qualitative Analysen des Ern\u00e4hrungsverhaltens von Studentenhaushalten, einschlie\u00dflich Zubereitung und Abfall;<\/p><p>(3) fortgeschrittene Analysen, die Umfragen mit Kantinenkaufdaten verkn\u00fcpfen, Vorhersagemodelle und einen Prototyp eines Empfehlungssystems f\u00fcr ges\u00fcndere Entscheidungen entwickeln;\u00a0<\/p><p>(4) eine Zusammenfassung umsetzbarer Empfehlungen.<\/p><p>Durch die zun\u00e4chst triangulierte Auswertung quantitativer und qualitativer Daten werden im Rahmen des Projekts datengest\u00fctzte Ma\u00dfnahmen wie <strong>Nudges, Neugestaltung von Speisepl\u00e4nen und Policy Briefs f\u00fcr institutionelle Caterer<\/strong> zusammengestellt und gemeinsam entwickelt. Die Ergebnisse werden nicht nur in die Hochschulverpflegung in Niedersachsen einflie\u00dfen, sondern k\u00f6nnen auch auf \u00e4hnliche Einrichtungen im ganzen Land \u00fcbertragen und angewendet werden.<\/p><p>Ansprechpartner*innen f\u00fcr dieses Teilprojekt sind: Prof. Dr. Achim Spiller (<a href=\"mailto:a.spiller@agr.uni-goettingen.de\">a.spiller@agr.uni-goettingen.de<\/a>), Dr. Clara <br \/>Mehlhose (<a href=\"mailto:clara.mehlhose@uni-goettingen.de\">clara.mehlhose@uni-goettingen.de<\/a>), Dr. Sophie-Dorothe Lieke (<a href=\"mailto:sophiedorothe.lieke@uni-goettingen.de\">sophiedorothe.lieke@uni-goettingen.de<\/a>)<\/p><p>...further information to follow...<\/p>\t\t\t\t\t\t\t\t<\/div>\n\t\t\t\t<\/div>\n\t\t\t\t\t<\/div>\n\t\t\t\t<\/div>\n\t\t\t\t\t<\/details>\n\t\t\t\t\t\t<details id=\"e-n-accordion-item-8354\" class=\"e-n-accordion-item\" >\n\t\t\t\t<summary class=\"e-n-accordion-item-title\" data-accordion-index=\"5\" tabindex=\"-1\" aria-expanded=\"false\" aria-controls=\"e-n-accordion-item-8354\" >\n\t\t\t\t\t<span class='e-n-accordion-item-title-header'><div class=\"e-n-accordion-item-title-text\"> CROWNS: Crop Rotation Optimisation to Water and Nutrient Scarcity \u2013 Field and landscape scale evaluations of arable farming adaptation in Lower Saxony <\/div><\/span>\n\t\t\t\t\t\t\t<span class='e-n-accordion-item-title-icon'>\n\t\t\t<span class='e-opened' ><svg aria-hidden=\"true\" class=\"e-font-icon-svg e-fas-minus\" viewbox=\"0 0 448 512\" xmlns=\"http:\/\/www.w3.org\/2000\/svg\"><path d=\"M416 208H32c-17.67 0-32 14.33-32 32v32c0 17.67 14.33 32 32 32h384c17.67 0 32-14.33 32-32v-32c0-17.67-14.33-32-32-32z\"><\/path><\/svg><\/span>\n\t\t\t<span class='e-closed'><svg aria-hidden=\"true\" class=\"e-font-icon-svg e-fas-plus\" viewbox=\"0 0 448 512\" xmlns=\"http:\/\/www.w3.org\/2000\/svg\"><path d=\"M416 208H272V64c0-17.67-14.33-32-32-32h-32c-17.67 0-32 14.33-32 32v144H32c-17.67 0-32 14.33-32 32v32c0 17.67 14.33 32 32 32h144v144c0 17.67 14.33 32 32 32h32c17.67 0 32-14.33 32-32V304h144c17.67 0 32-14.33 32-32v-32c0-17.67-14.33-32-32-32z\"><\/path><\/svg><\/span>\n\t\t<\/span>\n\n\t\t\t\t\t\t<\/summary>\n\t\t\t\t<div role=\"region\" aria-labelledby=\"e-n-accordion-item-8354\" class=\"elementor-element elementor-element-b287f4d e-flex e-con-boxed e-con e-child\" data-id=\"b287f4d\" data-element_type=\"container\" data-e-type=\"container\">\n\t\t\t\t\t<div class=\"e-con-inner\">\n\t\t\t\t<div class=\"elementor-element elementor-element-f7a6614 elementor-widget elementor-widget-text-editor\" data-id=\"f7a6614\" data-element_type=\"widget\" data-e-type=\"widget\" data-widget_type=\"text-editor.default\">\n\t\t\t\t<div class=\"elementor-widget-container\">\n\t\t\t\t\t\t\t\t\t<p><img loading=\"lazy\" decoding=\"async\" class=\"size-medium wp-image-3082 alignright\" src=\"https:\/\/zern-verbund.de\/wp-content\/uploads\/2026\/01\/Wurzel-Pflanze-Boden-300x300.png\" alt=\"\" width=\"300\" height=\"300\" srcset=\"https:\/\/zern-verbund.de\/wp-content\/uploads\/2026\/01\/Wurzel-Pflanze-Boden-300x300.png 300w, https:\/\/zern-verbund.de\/wp-content\/uploads\/2026\/01\/Wurzel-Pflanze-Boden-1024x1024.png 1024w, https:\/\/zern-verbund.de\/wp-content\/uploads\/2026\/01\/Wurzel-Pflanze-Boden-150x150.png 150w, https:\/\/zern-verbund.de\/wp-content\/uploads\/2026\/01\/Wurzel-Pflanze-Boden-768x768.png 768w, https:\/\/zern-verbund.de\/wp-content\/uploads\/2026\/01\/Wurzel-Pflanze-Boden-1536x1536.png 1536w, https:\/\/zern-verbund.de\/wp-content\/uploads\/2026\/01\/Wurzel-Pflanze-Boden-12x12.png 12w, https:\/\/zern-verbund.de\/wp-content\/uploads\/2026\/01\/Wurzel-Pflanze-Boden.png 1563w\" sizes=\"(max-width: 300px) 100vw, 300px\" \/>Der Ackerbau in Niedersachsen unterliegt <strong>vielf\u00e4ltigen Ver\u00e4nderungen<\/strong>, darunter Wasserknappheit aufgrund des Klimawandels, gestiegene Kosten f\u00fcr D\u00fcngemittel und gesellschaftliche Forderungen nach einer Verringerung der Umweltbelastung. Verschiedene Anpassungsma\u00dfnahmen k\u00f6nnten diesen Herausforderungen entgegenwirken. Beispielsweise k\u00f6nnen<\/p><p>(i) tiefwurzelnde H\u00fclsenfr\u00fcchte kosteng\u00fcnstig Stickstoff liefern und die Unterbodenstruktur verbessern,<\/p><p>(ii) eine reduzierte Bodenbearbeitung kann zur Anpassung an Wasserknappheit beitragen und<\/p><p>(iii) eine erh\u00f6hte R\u00fcckf\u00fchrung organischer R\u00fcckst\u00e4nde kann die N\u00e4hrstoffverf\u00fcgbarkeit und die Oberbodenstruktur verbessern.<\/p><p>Die <strong>Wirksamkeit solcher Ma\u00dfnahmen und ihrer Kombination h\u00e4ngt von den \u00f6rtlichen Standortbedingungen ab.<\/strong> Daher ist es notwendig, ihre Leistungsf\u00e4higkeit unter begrenzter N\u00e4hrstoff- und Wasserversorgung unter repr\u00e4sentativen, landwirtschaftlichen Bedingungen in Niedersachsen zu testen.<\/p><p>In diesem Teilprojekt sollen daher die <strong>Auswirkungen einer Mischung aus tiefwurzelnden Pflanzen und Leguminosen als Deckfr\u00fcchte in einem bestehenden Zuckerr\u00fcben-Fruchtfolgeversuch in der N\u00e4he von G\u00f6ttingen<\/strong> untersucht werden. Dar\u00fcber hinaus werden Trockenstressbedingungen simuliert, indem sogenannte &#8222;Rain-out Shelter&#8220; aufgestellt werden. Ein interdisziplin\u00e4res Team aus Bodenphysikern, Bodenchemikern und Agrarwissenschaftlern wird gemeinsam an der Auswertung arbeiten.<\/p><p>Erkenntnisse \u00fcber die <strong>Auswirkungen auf die Bodenstruktur, den Wasserhaushalt, die Dynamik von organischem Kohlenstoff und Stickstoff im Boden, das Wurzelwachstum von Zuckerr\u00fcben und die agronomische Fruchtfolgebilanz<\/strong> werden zum Projektende geliefert. Dar\u00fcber hinaus werden laufende ZERN-Studien erg\u00e4nzt. Dazu geh\u00f6rt ein langfristiger D\u00fcngungsversuch, der die Auswirkungen unterschiedlicher Ernter\u00fcckstandsbewirtschaftung auf die N\u00e4hrstoffdynamik untersucht und zur Entwicklung von Bewirtschaftungsanpassungsstrategien genutzt wird. Au\u00dferdem wird ein laufender Versuch zur reduzierten Bodenbearbeitung durch <strong>drohnenbasierte Infrarotbildgebung<\/strong> erg\u00e4nzt, um den <strong>Trockenstress bei Nutzpflanzen<\/strong> zu messen. <br \/>Dar\u00fcber hinaus werden Experten f\u00fcr Fernerkundung an der <strong>Analyse von hyperspektralen Daten aus Drohnen und Satelliten<\/strong> arbeiten, um die Boden\u00fcberwachung auf Feld- bis Regionalebene zu erm\u00f6glichen.<\/p><p>Nach der Entwicklung und Kalibrierung dieser neu verf\u00fcgbaren Methoden f\u00fcr die lokalen Bedingungen werden die Auswirkungen der getesteten Anpassungsma\u00dfnahmen auf Landschaftsebene in Niedersachsen bewertet.<\/p><p>Ansprechpartner*innen f\u00fcr dieses Teilprojekt sind: Prof. Dr. Stephan Peth (<a href=\"mailto:peth@ifbk.uni-hannover.de\">peth@ifbk.uni-hannover.de<\/a>), Prof. Dr. Sabine Chabrillat (<a href=\"mailto:chabrillat@ifbk.uni-hannover.de\">chabrillat@ifbk.uni-hannover.de<\/a>), Prof. Dr. Georg Guggenberger (<a href=\"mailto:guggenberger@ifbk.uni-hannover.de\">guggenberger@ifbk.uni-hannover.de<\/a>), PD Dr. Anna Jacobs (<a href=\"mailto:jacobs@ifz-goettingen.de\">jacobs@ifz-goettingen.de<\/a>) und Prof. Dr. Anne-Katrin Mahlein (<a href=\"mailto:mahlein@ifz-goettingen.de\">mahlein@ifz-goettingen.de<\/a>)\u00a0<\/p><p>...further information to follow...<\/p>\t\t\t\t\t\t\t\t<\/div>\n\t\t\t\t<\/div>\n\t\t\t\t\t<\/div>\n\t\t\t\t<\/div>\n\t\t\t\t\t<\/details>\n\t\t\t\t\t<\/div>\n\t\t\t\t\t\t<\/div>\n\t\t\t\t<\/div>\n\t\t\t\t<div class=\"elementor-element elementor-element-cb6d637 elementor-widget elementor-widget-heading\" data-id=\"cb6d637\" data-element_type=\"widget\" data-e-type=\"widget\" data-widget_type=\"heading.default\">\n\t\t\t\t<div class=\"elementor-widget-container\">\n\t\t\t\t\t<h2 class=\"elementor-heading-title elementor-size-default\">Coming soon: <\/h2>\t\t\t\t<\/div>\n\t\t\t\t<\/div>\n\t\t\t\t<div class=\"elementor-element elementor-element-1c73467 elementor-widget elementor-widget-heading\" data-id=\"1c73467\" data-element_type=\"widget\" data-e-type=\"widget\" data-widget_type=\"heading.default\">\n\t\t\t\t<div class=\"elementor-widget-container\">\n\t\t\t\t\t<h2 class=\"elementor-heading-title elementor-size-default\">Our projects from the 2st theme-centered call<\/h2>\t\t\t\t<\/div>\n\t\t\t\t<\/div>\n\t\t\t\t<div class=\"elementor-element elementor-element-9b50761 elementor-widget elementor-widget-heading\" data-id=\"9b50761\" data-element_type=\"widget\" data-e-type=\"widget\" data-widget_type=\"heading.default\">\n\t\t\t\t<div class=\"elementor-widget-container\">\n\t\t\t\t\t<h2 class=\"elementor-heading-title elementor-size-default\">Topic still to be determined, call expected to be published in mid-2026<\/h2>\t\t\t\t<\/div>\n\t\t\t\t<\/div>\n\t\t\t\t<\/div>\n\t\t<div class=\"elementor-element elementor-element-f6cc1d9 e-grid e-con-full e-con e-child\" data-id=\"f6cc1d9\" data-element_type=\"container\" data-e-type=\"container\">\n\t\t\t\t<div class=\"elementor-element elementor-element-b1a9d12 elementor-widget elementor-widget-n-accordion\" data-id=\"b1a9d12\" data-element_type=\"widget\" data-e-type=\"widget\" data-settings=\"{&quot;default_state&quot;:&quot;expanded&quot;,&quot;max_items_expended&quot;:&quot;one&quot;,&quot;n_accordion_animation_duration&quot;:{&quot;unit&quot;:&quot;ms&quot;,&quot;size&quot;:400,&quot;sizes&quot;:[]}}\" data-widget_type=\"nested-accordion.default\">\n\t\t\t\t<div class=\"elementor-widget-container\">\n\t\t\t\t\t\t\t<div class=\"e-n-accordion\" aria-label=\"Accordion. Open links with Enter or Space, close with Escape, and navigate with Arrow Keys\">\n\t\t\t\t\t\t<details id=\"e-n-accordion-item-1860\" class=\"e-n-accordion-item\" open>\n\t\t\t\t<summary class=\"e-n-accordion-item-title\" data-accordion-index=\"1\" tabindex=\"0\" aria-expanded=\"true\" aria-controls=\"e-n-accordion-item-1860\" >\n\t\t\t\t\t<span class='e-n-accordion-item-title-header'><div class=\"e-n-accordion-item-title-text\"> Project 1 <\/div><\/span>\n\t\t\t\t\t\t\t<span class='e-n-accordion-item-title-icon'>\n\t\t\t<span class='e-opened' ><svg aria-hidden=\"true\" class=\"e-font-icon-svg e-fas-minus\" viewbox=\"0 0 448 512\" xmlns=\"http:\/\/www.w3.org\/2000\/svg\"><path d=\"M416 208H32c-17.67 0-32 14.33-32 32v32c0 17.67 14.33 32 32 32h384c17.67 0 32-14.33 32-32v-32c0-17.67-14.33-32-32-32z\"><\/path><\/svg><\/span>\n\t\t\t<span class='e-closed'><svg aria-hidden=\"true\" class=\"e-font-icon-svg e-fas-plus\" viewbox=\"0 0 448 512\" xmlns=\"http:\/\/www.w3.org\/2000\/svg\"><path d=\"M416 208H272V64c0-17.67-14.33-32-32-32h-32c-17.67 0-32 14.33-32 32v144H32c-17.67 0-32 14.33-32 32v32c0 17.67 14.33 32 32 32h144v144c0 17.67 14.33 32 32 32h32c17.67 0 32-14.33 32-32V304h144c17.67 0 32-14.33 32-32v-32c0-17.67-14.33-32-32-32z\"><\/path><\/svg><\/span>\n\t\t<\/span>\n\n\t\t\t\t\t\t<\/summary>\n\t\t\t\t<div role=\"region\" aria-labelledby=\"e-n-accordion-item-1860\" class=\"elementor-element elementor-element-aa21a28 e-con-full e-flex e-con e-child\" data-id=\"aa21a28\" data-element_type=\"container\" data-e-type=\"container\">\n\t\t\t\t<div class=\"elementor-element elementor-element-a3433c6 elementor-widget elementor-widget-text-editor\" data-id=\"a3433c6\" data-element_type=\"widget\" data-e-type=\"widget\" data-widget_type=\"text-editor.default\">\n\t\t\t\t<div class=\"elementor-widget-container\">\n\t\t\t\t\t\t\t\t\t<p>...further information to follow...<\/p>\t\t\t\t\t\t\t\t<\/div>\n\t\t\t\t<\/div>\n\t\t\t\t<\/div>\n\t\t\t\t\t<\/details>\n\t\t\t\t\t\t<details id=\"e-n-accordion-item-1861\" class=\"e-n-accordion-item\" >\n\t\t\t\t<summary class=\"e-n-accordion-item-title\" data-accordion-index=\"2\" tabindex=\"-1\" aria-expanded=\"false\" aria-controls=\"e-n-accordion-item-1861\" >\n\t\t\t\t\t<span class='e-n-accordion-item-title-header'><div class=\"e-n-accordion-item-title-text\"> Project 2 <\/div><\/span>\n\t\t\t\t\t\t\t<span class='e-n-accordion-item-title-icon'>\n\t\t\t<span class='e-opened' ><svg aria-hidden=\"true\" class=\"e-font-icon-svg e-fas-minus\" viewbox=\"0 0 448 512\" xmlns=\"http:\/\/www.w3.org\/2000\/svg\"><path d=\"M416 208H32c-17.67 0-32 14.33-32 32v32c0 17.67 14.33 32 32 32h384c17.67 0 32-14.33 32-32v-32c0-17.67-14.33-32-32-32z\"><\/path><\/svg><\/span>\n\t\t\t<span class='e-closed'><svg aria-hidden=\"true\" class=\"e-font-icon-svg e-fas-plus\" viewbox=\"0 0 448 512\" xmlns=\"http:\/\/www.w3.org\/2000\/svg\"><path d=\"M416 208H272V64c0-17.67-14.33-32-32-32h-32c-17.67 0-32 14.33-32 32v144H32c-17.67 0-32 14.33-32 32v32c0 17.67 14.33 32 32 32h144v144c0 17.67 14.33 32 32 32h32c17.67 0 32-14.33 32-32V304h144c17.67 0 32-14.33 32-32v-32c0-17.67-14.33-32-32-32z\"><\/path><\/svg><\/span>\n\t\t<\/span>\n\n\t\t\t\t\t\t<\/summary>\n\t\t\t\t<div role=\"region\" aria-labelledby=\"e-n-accordion-item-1861\" class=\"elementor-element elementor-element-16ed1cf e-con-full e-flex e-con e-child\" data-id=\"16ed1cf\" data-element_type=\"container\" data-e-type=\"container\">\n\t\t\t\t<div class=\"elementor-element elementor-element-0f708da elementor-widget elementor-widget-text-editor\" data-id=\"0f708da\" data-element_type=\"widget\" data-e-type=\"widget\" data-widget_type=\"text-editor.default\">\n\t\t\t\t<div class=\"elementor-widget-container\">\n\t\t\t\t\t\t\t\t\t<p>...further information to follow...<\/p>\t\t\t\t\t\t\t\t<\/div>\n\t\t\t\t<\/div>\n\t\t\t\t<\/div>\n\t\t\t\t\t<\/details>\n\t\t\t\t\t\t<details id=\"e-n-accordion-item-1862\" class=\"e-n-accordion-item\" >\n\t\t\t\t<summary class=\"e-n-accordion-item-title\" data-accordion-index=\"3\" tabindex=\"-1\" aria-expanded=\"false\" aria-controls=\"e-n-accordion-item-1862\" >\n\t\t\t\t\t<span class='e-n-accordion-item-title-header'><div class=\"e-n-accordion-item-title-text\"> Project 3 <\/div><\/span>\n\t\t\t\t\t\t\t<span class='e-n-accordion-item-title-icon'>\n\t\t\t<span class='e-opened' ><svg aria-hidden=\"true\" class=\"e-font-icon-svg e-fas-minus\" viewbox=\"0 0 448 512\" xmlns=\"http:\/\/www.w3.org\/2000\/svg\"><path d=\"M416 208H32c-17.67 0-32 14.33-32 32v32c0 17.67 14.33 32 32 32h384c17.67 0 32-14.33 32-32v-32c0-17.67-14.33-32-32-32z\"><\/path><\/svg><\/span>\n\t\t\t<span class='e-closed'><svg aria-hidden=\"true\" class=\"e-font-icon-svg e-fas-plus\" viewbox=\"0 0 448 512\" xmlns=\"http:\/\/www.w3.org\/2000\/svg\"><path d=\"M416 208H272V64c0-17.67-14.33-32-32-32h-32c-17.67 0-32 14.33-32 32v144H32c-17.67 0-32 14.33-32 32v32c0 17.67 14.33 32 32 32h144v144c0 17.67 14.33 32 32 32h32c17.67 0 32-14.33 32-32V304h144c17.67 0 32-14.33 32-32v-32c0-17.67-14.33-32-32-32z\"><\/path><\/svg><\/span>\n\t\t<\/span>\n\n\t\t\t\t\t\t<\/summary>\n\t\t\t\t<div role=\"region\" aria-labelledby=\"e-n-accordion-item-1862\" class=\"elementor-element elementor-element-2669daf e-con-full e-flex e-con e-child\" data-id=\"2669daf\" data-element_type=\"container\" data-e-type=\"container\">\n\t\t\t\t<div class=\"elementor-element elementor-element-eac8545 elementor-widget elementor-widget-text-editor\" data-id=\"eac8545\" data-element_type=\"widget\" data-e-type=\"widget\" data-widget_type=\"text-editor.default\">\n\t\t\t\t<div class=\"elementor-widget-container\">\n\t\t\t\t\t\t\t\t\t<p>...further information to follow...<\/p>\t\t\t\t\t\t\t\t<\/div>\n\t\t\t\t<\/div>\n\t\t\t\t<\/div>\n\t\t\t\t\t<\/details>\n\t\t\t\t\t<\/div>\n\t\t\t\t\t\t<\/div>\n\t\t\t\t<\/div>\n\t\t\t\t<\/div>\n\t\t\t\t<\/div>\n\t\t<div class=\"elementor-element elementor-element-730a186 e-grid e-con-full e-con e-child\" data-id=\"730a186\" data-element_type=\"container\" data-e-type=\"container\">\n\t\t\t\t<\/div>\n\t\t\t\t\t<\/div>\n\t\t\t\t<\/div>\n\t\t\t\t<\/div>","protected":false},"excerpt":{"rendered":"<p>PROJEKTE Unsere initialen Projekte Anpassungsstrategien des nieders\u00e4chsischen Ackerbaus Ausgehend von den langj\u00e4hrigen D\u00fcngeversuchen auf den Versuchsg\u00fctern der Universit\u00e4t G\u00f6ttingen werden Anpassungsstrategien in Fruchtfolge und D\u00fcngung untersucht und in Modellierungsans\u00e4tze \u00fcberf\u00fchrt, um die Skalierung der Versuchsergebnisse auf die h\u00f6here naturr\u00e4umliche Skala zu erm\u00f6glichen. Auch die sich aus den Einschr\u00e4nkungen der D\u00fcngeverordnung ergebenden Ver\u00e4nderungen in der N\u00e4hrstoffversorgung [&hellip;]<\/p>\n","protected":false},"author":6,"featured_media":0,"parent":0,"menu_order":0,"comment_status":"closed","ping_status":"closed","template":"elementor_header_footer","meta":{"footnotes":""},"class_list":["post-2919","page","type-page","status-publish","hentry"],"yoast_head":"<!-- This site is optimized with the Yoast SEO plugin v27.4 - https:\/\/yoast.com\/product\/yoast-seo-wordpress\/ -->\n<title>PROJEKTE - ZERN<\/title>\n<meta name=\"description\" content=\"Agrar Ern\u00e4hrung Landwirtschaft\" \/>\n<meta name=\"robots\" content=\"index, follow, max-snippet:-1, max-image-preview:large, max-video-preview:-1\" \/>\n<link rel=\"canonical\" href=\"https:\/\/zern-verbund.de\/en\/projekte\/\" \/>\n<meta property=\"og:locale\" content=\"en_GB\" \/>\n<meta property=\"og:type\" content=\"article\" \/>\n<meta property=\"og:title\" content=\"PROJEKTE - ZERN\" \/>\n<meta property=\"og:description\" content=\"Agrar Ern\u00e4hrung Landwirtschaft\" \/>\n<meta property=\"og:url\" content=\"https:\/\/zern-verbund.de\/en\/projekte\/\" \/>\n<meta property=\"og:site_name\" content=\"ZERN\" \/>\n<meta property=\"article:modified_time\" content=\"2026-01-30T22:46:53+00:00\" \/>\n<meta property=\"og:image\" content=\"https:\/\/zern-verbund.de\/wp-content\/uploads\/2024\/04\/cropped-ZERN-Logo-final-RGB-nur-Bildmarke_1.png\" \/>\n\t<meta property=\"og:image:width\" content=\"512\" \/>\n\t<meta property=\"og:image:height\" content=\"512\" \/>\n\t<meta property=\"og:image:type\" content=\"image\/png\" \/>\n<meta name=\"twitter:card\" content=\"summary_large_image\" \/>\n<meta name=\"twitter:site\" content=\"@ZernZukunf34174\" \/>\n<meta name=\"twitter:label1\" content=\"Estimated reading time\" \/>\n\t<meta name=\"twitter:data1\" content=\"49 minutes\" \/>\n<script type=\"application\/ld+json\" class=\"yoast-schema-graph\">{\"@context\":\"https:\\\/\\\/schema.org\",\"@graph\":[{\"@type\":\"WebPage\",\"@id\":\"https:\\\/\\\/zern-verbund.de\\\/projekte\\\/\",\"url\":\"https:\\\/\\\/zern-verbund.de\\\/projekte\\\/\",\"name\":\"PROJEKTE - ZERN\",\"isPartOf\":{\"@id\":\"https:\\\/\\\/zern-verbund.de\\\/#website\"},\"primaryImageOfPage\":{\"@id\":\"https:\\\/\\\/zern-verbund.de\\\/projekte\\\/#primaryimage\"},\"image\":{\"@id\":\"https:\\\/\\\/zern-verbund.de\\\/projekte\\\/#primaryimage\"},\"thumbnailUrl\":\"https:\\\/\\\/zern-verbund.de\\\/wp-content\\\/uploads\\\/2024\\\/04\\\/cropped-ZERN-Logo-final-RGB-nur-Bildmarke_1.png\",\"datePublished\":\"2026-01-16T09:09:58+00:00\",\"dateModified\":\"2026-01-30T22:46:53+00:00\",\"description\":\"Agrar Ern\u00e4hrung Landwirtschaft\",\"breadcrumb\":{\"@id\":\"https:\\\/\\\/zern-verbund.de\\\/projekte\\\/#breadcrumb\"},\"inLanguage\":\"en-GB\",\"potentialAction\":[{\"@type\":\"ReadAction\",\"target\":[\"https:\\\/\\\/zern-verbund.de\\\/projekte\\\/\"]}]},{\"@type\":\"ImageObject\",\"inLanguage\":\"en-GB\",\"@id\":\"https:\\\/\\\/zern-verbund.de\\\/projekte\\\/#primaryimage\",\"url\":\"https:\\\/\\\/zern-verbund.de\\\/wp-content\\\/uploads\\\/2024\\\/04\\\/cropped-ZERN-Logo-final-RGB-nur-Bildmarke_1.png\",\"contentUrl\":\"https:\\\/\\\/zern-verbund.de\\\/wp-content\\\/uploads\\\/2024\\\/04\\\/cropped-ZERN-Logo-final-RGB-nur-Bildmarke_1.png\"},{\"@type\":\"BreadcrumbList\",\"@id\":\"https:\\\/\\\/zern-verbund.de\\\/projekte\\\/#breadcrumb\",\"itemListElement\":[{\"@type\":\"ListItem\",\"position\":1,\"name\":\"Home\",\"item\":\"https:\\\/\\\/zern-verbund.de\\\/\"},{\"@type\":\"ListItem\",\"position\":2,\"name\":\"PROJEKTE\"}]},{\"@type\":\"WebSite\",\"@id\":\"https:\\\/\\\/zern-verbund.de\\\/#website\",\"url\":\"https:\\\/\\\/zern-verbund.de\\\/\",\"name\":\"ZERN\",\"description\":\"ZERN Verbund\",\"publisher\":{\"@id\":\"https:\\\/\\\/zern-verbund.de\\\/#organization\"},\"alternateName\":\"Zukunft Ern\u00e4hrung Niedersachsen\",\"potentialAction\":[{\"@type\":\"SearchAction\",\"target\":{\"@type\":\"EntryPoint\",\"urlTemplate\":\"https:\\\/\\\/zern-verbund.de\\\/?s={search_term_string}\"},\"query-input\":{\"@type\":\"PropertyValueSpecification\",\"valueRequired\":true,\"valueName\":\"search_term_string\"}}],\"inLanguage\":\"en-GB\"},{\"@type\":\"Organization\",\"@id\":\"https:\\\/\\\/zern-verbund.de\\\/#organization\",\"name\":\"ZERN\",\"alternateName\":\"Zukunft Ern\u00e4hrung Niedersachsen\",\"url\":\"https:\\\/\\\/zern-verbund.de\\\/\",\"logo\":{\"@type\":\"ImageObject\",\"inLanguage\":\"en-GB\",\"@id\":\"https:\\\/\\\/zern-verbund.de\\\/#\\\/schema\\\/logo\\\/image\\\/\",\"url\":\"https:\\\/\\\/zern-verbund.de\\\/wp-content\\\/uploads\\\/2024\\\/04\\\/zern_logo.png\",\"contentUrl\":\"https:\\\/\\\/zern-verbund.de\\\/wp-content\\\/uploads\\\/2024\\\/04\\\/zern_logo.png\",\"width\":167,\"height\":155,\"caption\":\"ZERN\"},\"image\":{\"@id\":\"https:\\\/\\\/zern-verbund.de\\\/#\\\/schema\\\/logo\\\/image\\\/\"},\"sameAs\":[\"https:\\\/\\\/x.com\\\/ZernZukunf34174\",\"https:\\\/\\\/www.linkedin.com\\\/in\\\/zern-zukunft-ernhrung-niedersachsen-5089292b8\\\/\",\"https:\\\/\\\/www.instagram.com\\\/zern.verbund\\\/\"]}]}<\/script>\n<!-- \/ Yoast SEO plugin. -->","yoast_head_json":{"title":"PROJEKTE - ZERN","description":"Agrar Ern\u00e4hrung Landwirtschaft","robots":{"index":"index","follow":"follow","max-snippet":"max-snippet:-1","max-image-preview":"max-image-preview:large","max-video-preview":"max-video-preview:-1"},"canonical":"https:\/\/zern-verbund.de\/en\/projekte\/","og_locale":"en_GB","og_type":"article","og_title":"PROJEKTE - ZERN","og_description":"Agrar Ern\u00e4hrung Landwirtschaft","og_url":"https:\/\/zern-verbund.de\/en\/projekte\/","og_site_name":"ZERN","article_modified_time":"2026-01-30T22:46:53+00:00","og_image":[{"width":512,"height":512,"url":"https:\/\/zern-verbund.de\/wp-content\/uploads\/2024\/04\/cropped-ZERN-Logo-final-RGB-nur-Bildmarke_1.png","type":"image\/png"}],"twitter_card":"summary_large_image","twitter_site":"@ZernZukunf34174","twitter_misc":{"Estimated reading time":"49 minutes"},"schema":{"@context":"https:\/\/schema.org","@graph":[{"@type":"WebPage","@id":"https:\/\/zern-verbund.de\/projekte\/","url":"https:\/\/zern-verbund.de\/projekte\/","name":"PROJEKTE - ZERN","isPartOf":{"@id":"https:\/\/zern-verbund.de\/#website"},"primaryImageOfPage":{"@id":"https:\/\/zern-verbund.de\/projekte\/#primaryimage"},"image":{"@id":"https:\/\/zern-verbund.de\/projekte\/#primaryimage"},"thumbnailUrl":"https:\/\/zern-verbund.de\/wp-content\/uploads\/2024\/04\/cropped-ZERN-Logo-final-RGB-nur-Bildmarke_1.png","datePublished":"2026-01-16T09:09:58+00:00","dateModified":"2026-01-30T22:46:53+00:00","description":"Agrar Ern\u00e4hrung Landwirtschaft","breadcrumb":{"@id":"https:\/\/zern-verbund.de\/projekte\/#breadcrumb"},"inLanguage":"en-GB","potentialAction":[{"@type":"ReadAction","target":["https:\/\/zern-verbund.de\/projekte\/"]}]},{"@type":"ImageObject","inLanguage":"en-GB","@id":"https:\/\/zern-verbund.de\/projekte\/#primaryimage","url":"https:\/\/zern-verbund.de\/wp-content\/uploads\/2024\/04\/cropped-ZERN-Logo-final-RGB-nur-Bildmarke_1.png","contentUrl":"https:\/\/zern-verbund.de\/wp-content\/uploads\/2024\/04\/cropped-ZERN-Logo-final-RGB-nur-Bildmarke_1.png"},{"@type":"BreadcrumbList","@id":"https:\/\/zern-verbund.de\/projekte\/#breadcrumb","itemListElement":[{"@type":"ListItem","position":1,"name":"Home","item":"https:\/\/zern-verbund.de\/"},{"@type":"ListItem","position":2,"name":"PROJEKTE"}]},{"@type":"WebSite","@id":"https:\/\/zern-verbund.de\/#website","url":"https:\/\/zern-verbund.de\/","name":"ZERN","description":"ZERN Verbund","publisher":{"@id":"https:\/\/zern-verbund.de\/#organization"},"alternateName":"Zukunft Ern\u00e4hrung Niedersachsen","potentialAction":[{"@type":"SearchAction","target":{"@type":"EntryPoint","urlTemplate":"https:\/\/zern-verbund.de\/?s={search_term_string}"},"query-input":{"@type":"PropertyValueSpecification","valueRequired":true,"valueName":"search_term_string"}}],"inLanguage":"en-GB"},{"@type":"Organization","@id":"https:\/\/zern-verbund.de\/#organization","name":"ZERN","alternateName":"Zukunft Ern\u00e4hrung Niedersachsen","url":"https:\/\/zern-verbund.de\/","logo":{"@type":"ImageObject","inLanguage":"en-GB","@id":"https:\/\/zern-verbund.de\/#\/schema\/logo\/image\/","url":"https:\/\/zern-verbund.de\/wp-content\/uploads\/2024\/04\/zern_logo.png","contentUrl":"https:\/\/zern-verbund.de\/wp-content\/uploads\/2024\/04\/zern_logo.png","width":167,"height":155,"caption":"ZERN"},"image":{"@id":"https:\/\/zern-verbund.de\/#\/schema\/logo\/image\/"},"sameAs":["https:\/\/x.com\/ZernZukunf34174","https:\/\/www.linkedin.com\/in\/zern-zukunft-ernhrung-niedersachsen-5089292b8\/","https:\/\/www.instagram.com\/zern.verbund\/"]}]}},"_links":{"self":[{"href":"https:\/\/zern-verbund.de\/en\/wp-json\/wp\/v2\/pages\/2919","targetHints":{"allow":["GET"]}}],"collection":[{"href":"https:\/\/zern-verbund.de\/en\/wp-json\/wp\/v2\/pages"}],"about":[{"href":"https:\/\/zern-verbund.de\/en\/wp-json\/wp\/v2\/types\/page"}],"author":[{"embeddable":true,"href":"https:\/\/zern-verbund.de\/en\/wp-json\/wp\/v2\/users\/6"}],"replies":[{"embeddable":true,"href":"https:\/\/zern-verbund.de\/en\/wp-json\/wp\/v2\/comments?post=2919"}],"version-history":[{"count":103,"href":"https:\/\/zern-verbund.de\/en\/wp-json\/wp\/v2\/pages\/2919\/revisions"}],"predecessor-version":[{"id":3195,"href":"https:\/\/zern-verbund.de\/en\/wp-json\/wp\/v2\/pages\/2919\/revisions\/3195"}],"wp:attachment":[{"href":"https:\/\/zern-verbund.de\/en\/wp-json\/wp\/v2\/media?parent=2919"}],"curies":[{"name":"wp","href":"https:\/\/api.w.org\/{rel}","templated":true}]}}